{"id":336,"date":"2020-04-28T07:46:29","date_gmt":"2020-04-28T07:46:29","guid":{"rendered":"https:\/\/demo.detheme.com\/grade\/?page_id=336"},"modified":"2021-10-06T16:43:18","modified_gmt":"2021-10-06T14:43:18","slug":"news","status":"publish","type":"page","link":"https:\/\/staging.baruffaldi.eu\/it\/news\/","title":{"rendered":"News"},"content":{"rendered":"\t\t<div data-elementor-type=\"wp-page\" data-elementor-id=\"336\" class=\"elementor elementor-336\" data-elementor-settings=\"[]\">\n\t\t\t\t\t\t\t<div class=\"elementor-section-wrap\">\n\t\t\t\t\t\t\t<section class=\"elementor-section elementor-top-section elementor-element elementor-element-422a7093 elementor-section-height-min-height elementor-section-boxed elementor-section-height-default elementor-section-items-middle\" data-id=\"422a7093\" data-element_type=\"section\" data-settings=\"{&quot;background_background&quot;:&quot;classic&quot;,&quot;ekit_has_onepagescroll_dot&quot;:&quot;yes&quot;}\">\n\t\t\t\t\t\t\t<div class=\"elementor-background-overlay\"><\/div>\n\t\t\t\t\t\t\t<div class=\"elementor-container elementor-column-gap-wider\">\n\t\t\t\t\t<div class=\"elementor-column elementor-col-100 elementor-top-column elementor-element elementor-element-27ee7530\" data-id=\"27ee7530\" data-element_type=\"column\">\n\t\t\t<div class=\"elementor-widget-wrap elementor-element-populated\">\n\t\t\t\t\t\t\t\t<div class=\"elementor-element elementor-element-5ec3a326 elementor-widget elementor-widget-heading\" data-id=\"5ec3a326\" data-element_type=\"widget\" data-settings=\"{&quot;ekit_we_effect_on&quot;:&quot;none&quot;}\" data-widget_type=\"heading.default\">\n\t\t\t\t<div class=\"elementor-widget-container\">\n\t\t\t<h1 class=\"elementor-heading-title elementor-size-default\">News<\/h1>\t\t<\/div>\n\t\t\t\t<\/div>\n\t\t\t\t\t<\/div>\n\t\t<\/div>\n\t\t\t\t\t\t\t<\/div>\n\t\t<\/section>\n\t\t\t\t<section class=\"elementor-section elementor-top-section elementor-element elementor-element-516b10a4 elementor-section-full_width elementor-section-height-default elementor-section-height-default\" data-id=\"516b10a4\" data-element_type=\"section\" data-settings=\"{&quot;ekit_has_onepagescroll_dot&quot;:&quot;yes&quot;}\">\n\t\t\t\t\t\t<div class=\"elementor-container elementor-column-gap-default\">\n\t\t\t\t\t<div class=\"elementor-column elementor-col-100 elementor-top-column elementor-element elementor-element-2a30f099\" data-id=\"2a30f099\" data-element_type=\"column\">\n\t\t\t<div class=\"elementor-widget-wrap elementor-element-populated\">\n\t\t\t\t\t\t\t\t<div class=\"elementor-element elementor-element-3339e765 elementor-widget elementor-widget-elementskit-blog-posts\" data-id=\"3339e765\" data-element_type=\"widget\" data-settings=\"{&quot;ekit_we_effect_on&quot;:&quot;none&quot;}\" data-widget_type=\"elementskit-blog-posts.default\">\n\t\t\t\t<div class=\"elementor-widget-container\">\n\t\t\t<div class=\"ekit-wid-con\" >\r\n        <div id=\"post-items--3339e765\" class=\"row post-items ekit-blog-posts-content\">\r\n\r\n        \r\n            \r\n\r\n            <div class=\"col-lg-3 col-md-6\">\r\n\r\n                                    <div class=\"elementskit-post-image-card\">\r\n                        <div class=\"elementskit-entry-header\">\r\n                                                            <a href=\"https:\/\/staging.baruffaldi.eu\/it\/2022\/01\/31\/gruppo-dosi-su-videoregione\/\" class=\"elementskit-entry-thumb\">\r\n                                    <img src=\"https:\/\/staging.baruffaldi.eu\/wp-content\/uploads\/2022\/01\/thumbnail-768x432.png\" alt=\"Il Gruppo Dosi su Videoregione\">\r\n                                <\/a><!-- .elementskit-entry-thumb END -->\r\n                                                            \r\n                                                    <\/div><!-- .elementskit-entry-header END -->\r\n\r\n                        <div class=\"elementskit-post-body \">\r\n                            \r\n                                                                                                                <div class=\"post-meta-list\">\r\n                                                                                                <span class=\"meta-date\">\r\n\r\n                                \r\n                                <span class=\"meta-date-text\">\r\n                                    31 Gennaio 2022                                <\/span>\r\n                            <\/span>\r\n                                                                                                            <\/div>\r\n                                                                        \r\n                                        \r\n                                                                                                <h2 class=\"entry-title\">\r\n                    <a href=\"https:\/\/staging.baruffaldi.eu\/it\/2022\/01\/31\/gruppo-dosi-su-videoregione\/\">\r\n                            Il Gruppo Dosi su Videoregione                    <\/a>\r\n                <\/h2>\r\n                                                                                                                                                                                            <p>Il Gruppo Dosi \u00e8 stato protagonista del palinsesto di Videoregione con un video sulla storia delle aziende del gruppo. Dal 1985 Videoregione<\/p>\n                                                                                                                                                        <div class=\"btn-wraper\">\r\n                                    \r\n                                                                            <a href=\"https:\/\/staging.baruffaldi.eu\/it\/2022\/01\/31\/gruppo-dosi-su-videoregione\/\" class=\"elementskit-btn  whitespace--normal\" >\r\n                                                                                    Continua                                        <\/a>\r\n                                                                    <\/div>\r\n                                                    <\/div><!-- .elementskit-post-body END -->\r\n                    <\/div>\r\n                \r\n            <\/div>\r\n\r\n            \r\n            \r\n\r\n            <div class=\"col-lg-3 col-md-6\">\r\n\r\n                                    <div class=\"elementskit-post-image-card\">\r\n                        <div class=\"elementskit-entry-header\">\r\n                                                            <a href=\"https:\/\/staging.baruffaldi.eu\/it\/2021\/12\/03\/ritorno-in-presenza-vincente-al-guidarello-giovani\/\" class=\"elementskit-entry-thumb\">\r\n                                    <img src=\"https:\/\/staging.baruffaldi.eu\/wp-content\/uploads\/2021\/10\/Accoglienza-768x432.png\" alt=\"Ritorno in presenza vincente al Guidarello Giovani\">\r\n                                <\/a><!-- .elementskit-entry-thumb END -->\r\n                                                            \r\n                                                    <\/div><!-- .elementskit-entry-header END -->\r\n\r\n                        <div class=\"elementskit-post-body \">\r\n                            \r\n                                                                                                                <div class=\"post-meta-list\">\r\n                                                                                                <span class=\"meta-date\">\r\n\r\n                                \r\n                                <span class=\"meta-date-text\">\r\n                                    3 Dicembre 2021                                <\/span>\r\n                            <\/span>\r\n                                                                                                            <\/div>\r\n                                                                        \r\n                                        \r\n                                                                                                <h2 class=\"entry-title\">\r\n                    <a href=\"https:\/\/staging.baruffaldi.eu\/it\/2021\/12\/03\/ritorno-in-presenza-vincente-al-guidarello-giovani\/\">\r\n                            Ritorno in presenza vincente al Guidarello Giovani                    <\/a>\r\n                <\/h2>\r\n                                                                                                                                                                                            <p>Il Gruppo Dosi anche quest\u2019anno ha aderito all\u2019iniziativa \u201cGuidarello Giovani XV \u2013 Reportage in Azienda\u201d, organizzato da Confindustria Romagna<\/p>\n                                                                                                                                                        <div class=\"btn-wraper\">\r\n                                    \r\n                                                                            <a href=\"https:\/\/staging.baruffaldi.eu\/it\/2021\/12\/03\/ritorno-in-presenza-vincente-al-guidarello-giovani\/\" class=\"elementskit-btn  whitespace--normal\" >\r\n                                                                                    Continua                                        <\/a>\r\n                                                                    <\/div>\r\n                                                    <\/div><!-- .elementskit-post-body END -->\r\n                    <\/div>\r\n                \r\n            <\/div>\r\n\r\n            \r\n            \r\n\r\n            <div class=\"col-lg-3 col-md-6\">\r\n\r\n                                    <div class=\"elementskit-post-image-card\">\r\n                        <div class=\"elementskit-entry-header\">\r\n                                                            <a href=\"https:\/\/staging.baruffaldi.eu\/it\/2021\/09\/29\/gruppo-dosi-premiato-a-excelsa-2021\/\" class=\"elementskit-entry-thumb\">\r\n                                    <img src=\"https:\/\/staging.baruffaldi.eu\/wp-content\/uploads\/2021\/09\/Progetto-senza-titolo-768x432.png\" alt=\"Excelsa 2021: doppio successo per il Gruppo Dosi\">\r\n                                <\/a><!-- .elementskit-entry-thumb END -->\r\n                                                            \r\n                                                    <\/div><!-- .elementskit-entry-header END -->\r\n\r\n                        <div class=\"elementskit-post-body \">\r\n                            \r\n                                                                                                                <div class=\"post-meta-list\">\r\n                                                                                                <span class=\"meta-date\">\r\n\r\n                                \r\n                                <span class=\"meta-date-text\">\r\n                                    29 Settembre 2021                                <\/span>\r\n                            <\/span>\r\n                                                                                                            <\/div>\r\n                                                                        \r\n                                        \r\n                                                                                                <h2 class=\"entry-title\">\r\n                    <a href=\"https:\/\/staging.baruffaldi.eu\/it\/2021\/09\/29\/gruppo-dosi-premiato-a-excelsa-2021\/\">\r\n                            Excelsa 2021: doppio successo per il Gruppo Dosi                    <\/a>\r\n                <\/h2>\r\n                                                                                                                                                                                            <p>Mercoled\u00ec 9 Ottobre 2019 presso la Fiera di Cesena, si \u00e8 tenuta la cerimonia di consegna \u201cExcelsa 2019 Confindustria Romagna Award\u201d <\/p>\n                                                                                                                                                        <div class=\"btn-wraper\">\r\n                                    \r\n                                                                            <a href=\"https:\/\/staging.baruffaldi.eu\/it\/2021\/09\/29\/gruppo-dosi-premiato-a-excelsa-2021\/\" class=\"elementskit-btn  whitespace--normal\" >\r\n                                                                                    Continua                                        <\/a>\r\n                                                                    <\/div>\r\n                                                    <\/div><!-- .elementskit-post-body END -->\r\n                    <\/div>\r\n                \r\n            <\/div>\r\n\r\n            \r\n            \r\n\r\n            <div class=\"col-lg-3 col-md-6\">\r\n\r\n                                    <div class=\"elementskit-post-image-card\">\r\n                        <div class=\"elementskit-entry-header\">\r\n                                                            <a href=\"https:\/\/staging.baruffaldi.eu\/it\/2021\/03\/02\/baruffaldi-primac-rinnova-i-suoi-loghi\/\" class=\"elementskit-entry-thumb\">\r\n                                    <img src=\"https:\/\/staging.baruffaldi.eu\/wp-content\/uploads\/2021\/03\/NuovoLogo-768x432.png\" alt=\"Baruffaldi \u2013 Primac rinnova i suoi loghi!\">\r\n                                <\/a><!-- .elementskit-entry-thumb END -->\r\n                                                            \r\n                                                    <\/div><!-- .elementskit-entry-header END -->\r\n\r\n                        <div class=\"elementskit-post-body \">\r\n                            \r\n                                                                                                                <div class=\"post-meta-list\">\r\n                                                                                                <span class=\"meta-date\">\r\n\r\n                                \r\n                                <span class=\"meta-date-text\">\r\n                                    2 Marzo 2021                                <\/span>\r\n                            <\/span>\r\n                                                                                                            <\/div>\r\n                                                                        \r\n                                        \r\n                                                                                                <h2 class=\"entry-title\">\r\n                    <a href=\"https:\/\/staging.baruffaldi.eu\/it\/2021\/03\/02\/baruffaldi-primac-rinnova-i-suoi-loghi\/\">\r\n                            Baruffaldi \u2013 Primac rinnova i suoi loghi!                    <\/a>\r\n                <\/h2>\r\n                                                                                                                                                                                            <p>Baruffaldi \u2013 Primac non si \u00e8 fermata neanche con la pandemia, anzi ha lanciato i suoi nuovi loghi per evolversi e per rinnovare la sua immagine aggiornandola, in linea con le sue macchine di ultima generazione<\/p>\n                                                                                                                                                        <div class=\"btn-wraper\">\r\n                                    \r\n                                                                            <a href=\"https:\/\/staging.baruffaldi.eu\/it\/2021\/03\/02\/baruffaldi-primac-rinnova-i-suoi-loghi\/\" class=\"elementskit-btn  whitespace--normal\" >\r\n                                                                                    Continua                                        <\/a>\r\n                                                                    <\/div>\r\n                                                    <\/div><!-- .elementskit-post-body END -->\r\n                    <\/div>\r\n                \r\n            <\/div>\r\n\r\n            \r\n            \r\n\r\n            <div class=\"col-lg-3 col-md-6\">\r\n\r\n                                    <div class=\"elementskit-post-image-card\">\r\n                        <div class=\"elementskit-entry-header\">\r\n                                                            <a href=\"https:\/\/staging.baruffaldi.eu\/it\/2021\/02\/18\/pattaforma-industria-4-0\/\" class=\"elementskit-entry-thumb\">\r\n                                    <img src=\"https:\/\/staging.baruffaldi.eu\/wp-content\/uploads\/2020\/05\/Industry-4.0-768x432.png\" alt=\"Piattaforma Industria 4.0 per le macchine Baruffaldi\">\r\n                                <\/a><!-- .elementskit-entry-thumb END -->\r\n                                                            \r\n                                                    <\/div><!-- .elementskit-entry-header END -->\r\n\r\n                        <div class=\"elementskit-post-body \">\r\n                            \r\n                                                                                                                <div class=\"post-meta-list\">\r\n                                                                                                <span class=\"meta-date\">\r\n\r\n                                \r\n                                <span class=\"meta-date-text\">\r\n                                    18 Febbraio 2021                                <\/span>\r\n                            <\/span>\r\n                                                                                                            <\/div>\r\n                                                                        \r\n                                        \r\n                                                                                                <h2 class=\"entry-title\">\r\n                    <a href=\"https:\/\/staging.baruffaldi.eu\/it\/2021\/02\/18\/pattaforma-industria-4-0\/\">\r\n                            Piattaforma Industria 4.0 per le macchine Baruffaldi                    <\/a>\r\n                <\/h2>\r\n                                                                                                                                                                                            <p>Baruffaldi ha sviluppato un progetto per la realizzazione di una soluzione prototipale di piattaforma Industria 4.0 da implementare alle sue macchine. La piattaforma \u00e8 in grado di attivare una nuova gamma di servizi <\/p>\n                                                                                                                                                        <div class=\"btn-wraper\">\r\n                                    \r\n                                                                            <a href=\"https:\/\/staging.baruffaldi.eu\/it\/2021\/02\/18\/pattaforma-industria-4-0\/\" class=\"elementskit-btn  whitespace--normal\" >\r\n                                                                                    Continua                                        <\/a>\r\n                                                                    <\/div>\r\n                                                    <\/div><!-- .elementskit-post-body END -->\r\n                    <\/div>\r\n                \r\n            <\/div>\r\n\r\n            \r\n            \r\n\r\n            <div class=\"col-lg-3 col-md-6\">\r\n\r\n                                    <div class=\"elementskit-post-image-card\">\r\n                        <div class=\"elementskit-entry-header\">\r\n                                                            <a href=\"https:\/\/staging.baruffaldi.eu\/it\/2020\/12\/22\/smr-su-plastic-machinery-magazine\/\" class=\"elementskit-entry-thumb\">\r\n                                    <img src=\"https:\/\/staging.baruffaldi.eu\/wp-content\/uploads\/2021\/04\/PlasticsMagazine-768x432.jpg\" alt=\"La nostra SRM 200-700\/6-CA su Plastic Machinery Magazine!\">\r\n                                <\/a><!-- .elementskit-entry-thumb END -->\r\n                                                            \r\n                                                    <\/div><!-- .elementskit-entry-header END -->\r\n\r\n                        <div class=\"elementskit-post-body \">\r\n                            \r\n                                                                                                                <div class=\"post-meta-list\">\r\n                                                                                                <span class=\"meta-date\">\r\n\r\n                                \r\n                                <span class=\"meta-date-text\">\r\n                                    22 Dicembre 2020                                <\/span>\r\n                            <\/span>\r\n                                                                                                            <\/div>\r\n                                                                        \r\n                                        \r\n                                                                                                <h2 class=\"entry-title\">\r\n                    <a href=\"https:\/\/staging.baruffaldi.eu\/it\/2020\/12\/22\/smr-su-plastic-machinery-magazine\/\">\r\n                            La nostra SRM 200-700\/6-CA su Plastic Machinery Magazine!                    <\/a>\r\n                <\/h2>\r\n                                                                                                                                                                                            <p>Plastics Machinery Magazine \u00e8 una rivista mensile americana che tratta esclusivamente le innovazioni tecnologiche nelle lavorazioni e nelle attrezzature. Nel numero di Ottobre hanno pubblicato<\/p>\n                                                                                                                                                        <div class=\"btn-wraper\">\r\n                                    \r\n                                                                            <a href=\"https:\/\/staging.baruffaldi.eu\/it\/2020\/12\/22\/smr-su-plastic-machinery-magazine\/\" class=\"elementskit-btn  whitespace--normal\" >\r\n                                                                                    Continua                                        <\/a>\r\n                                                                    <\/div>\r\n                                                    <\/div><!-- .elementskit-post-body END -->\r\n                    <\/div>\r\n                \r\n            <\/div>\r\n\r\n            \r\n            \r\n\r\n            <div class=\"col-lg-3 col-md-6\">\r\n\r\n                                    <div class=\"elementskit-post-image-card\">\r\n                        <div class=\"elementskit-entry-header\">\r\n                                                            <a href=\"https:\/\/staging.baruffaldi.eu\/it\/2020\/05\/08\/mm100-la-nuova-linea-per-la-produzione-di-mascherine-targata-baruffaldi\/\" class=\"elementskit-entry-thumb\">\r\n                                    <img src=\"https:\/\/staging.baruffaldi.eu\/wp-content\/uploads\/2020\/05\/MM100-768x432.jpg\" alt=\"MM100: La nuova linea per la produzione di mascherine targata Baruffaldi\">\r\n                                <\/a><!-- .elementskit-entry-thumb END -->\r\n                                                            \r\n                                                    <\/div><!-- .elementskit-entry-header END -->\r\n\r\n                        <div class=\"elementskit-post-body \">\r\n                            \r\n                                                                                                                <div class=\"post-meta-list\">\r\n                                                                                                <span class=\"meta-date\">\r\n\r\n                                \r\n                                <span class=\"meta-date-text\">\r\n                                    8 Maggio 2020                                <\/span>\r\n                            <\/span>\r\n                                                                                                            <\/div>\r\n                                                                        \r\n                                        \r\n                                                                                                <h2 class=\"entry-title\">\r\n                    <a href=\"https:\/\/staging.baruffaldi.eu\/it\/2020\/05\/08\/mm100-la-nuova-linea-per-la-produzione-di-mascherine-targata-baruffaldi\/\">\r\n                            MM100: La nuova linea per la produzione di mascherine targata Baruffaldi                    <\/a>\r\n                <\/h2>\r\n                                                                                                                                                                                            <p>Dall\u2019evoluzione del know-how di Baruffaldi Plastic Technology nasce la prima linea automatica per la produzione di mascherine chirurgiche \u201cAbbiamo pensato di applicare<\/p>\n                                                                                                                                                        <div class=\"btn-wraper\">\r\n                                    \r\n                                                                            <a href=\"https:\/\/staging.baruffaldi.eu\/it\/2020\/05\/08\/mm100-la-nuova-linea-per-la-produzione-di-mascherine-targata-baruffaldi\/\" class=\"elementskit-btn  whitespace--normal\" >\r\n                                                                                    Continua                                        <\/a>\r\n                                                                    <\/div>\r\n                                                    <\/div><!-- .elementskit-post-body END -->\r\n                    <\/div>\r\n                \r\n            <\/div>\r\n\r\n            \r\n            \r\n\r\n            <div class=\"col-lg-3 col-md-6\">\r\n\r\n                                    <div class=\"elementskit-post-image-card\">\r\n                        <div class=\"elementskit-entry-header\">\r\n                                                            <a href=\"https:\/\/staging.baruffaldi.eu\/it\/2020\/04\/12\/il-dott-dosi-interviene-nella-testata-di-economia-business24-di-sky\/\" class=\"elementskit-entry-thumb\">\r\n                                    <img src=\"https:\/\/staging.baruffaldi.eu\/wp-content\/uploads\/2020\/04\/SkyBusiness24-768x432.jpg\" alt=\"Il Dott. Dosi interviene nella testata di economia Business24 di Sky\">\r\n                                <\/a><!-- .elementskit-entry-thumb END -->\r\n                                                            \r\n                                                    <\/div><!-- .elementskit-entry-header END -->\r\n\r\n                        <div class=\"elementskit-post-body \">\r\n                            \r\n                                                                                                                <div class=\"post-meta-list\">\r\n                                                                                                <span class=\"meta-date\">\r\n\r\n                                \r\n                                <span class=\"meta-date-text\">\r\n                                    12 Aprile 2020                                <\/span>\r\n                            <\/span>\r\n                                                                                                            <\/div>\r\n                                                                        \r\n                                        \r\n                                                                                                <h2 class=\"entry-title\">\r\n                    <a href=\"https:\/\/staging.baruffaldi.eu\/it\/2020\/04\/12\/il-dott-dosi-interviene-nella-testata-di-economia-business24-di-sky\/\">\r\n                            Il Dott. Dosi interviene nella testata di economia Business24 di Sky                    <\/a>\r\n                <\/h2>\r\n                                                                                                                                                                                            <p>Pole Position ha invitato il Dott. Dosi a partecipare ad un\u2019intervista, dedicando cos\u00ec un intero programma al Gruppo Dosi e alle tecnologie firmate Baruffaldi Plastic Technology-Primac<\/p>\n                                                                                                                                                        <div class=\"btn-wraper\">\r\n                                    \r\n                                                                            <a href=\"https:\/\/staging.baruffaldi.eu\/it\/2020\/04\/12\/il-dott-dosi-interviene-nella-testata-di-economia-business24-di-sky\/\" class=\"elementskit-btn  whitespace--normal\" >\r\n                                                                                    Continua                                        <\/a>\r\n                                                                    <\/div>\r\n                                                    <\/div><!-- .elementskit-post-body END -->\r\n                    <\/div>\r\n                \r\n            <\/div>\r\n\r\n            \r\n            \r\n\r\n            <div class=\"col-lg-3 col-md-6\">\r\n\r\n                                    <div class=\"elementskit-post-image-card\">\r\n                        <div class=\"elementskit-entry-header\">\r\n                                                            <a href=\"https:\/\/staging.baruffaldi.eu\/it\/2020\/02\/10\/il-gruppo-dosi-premiato-a-excelsa-2019\/\" class=\"elementskit-entry-thumb\">\r\n                                    <img src=\"https:\/\/staging.baruffaldi.eu\/wp-content\/uploads\/2020\/02\/Excelsa-2019-768x432.jpg\" alt=\"Il Gruppo Dosi premiato a Excelsa 2019\">\r\n                                <\/a><!-- .elementskit-entry-thumb END -->\r\n                                                            \r\n                                                    <\/div><!-- .elementskit-entry-header END -->\r\n\r\n                        <div class=\"elementskit-post-body \">\r\n                            \r\n                                                                                                                <div class=\"post-meta-list\">\r\n                                                                                                <span class=\"meta-date\">\r\n\r\n                                \r\n                                <span class=\"meta-date-text\">\r\n                                    10 Febbraio 2020                                <\/span>\r\n                            <\/span>\r\n                                                                                                            <\/div>\r\n                                                                        \r\n                                        \r\n                                                                                                <h2 class=\"entry-title\">\r\n                    <a href=\"https:\/\/staging.baruffaldi.eu\/it\/2020\/02\/10\/il-gruppo-dosi-premiato-a-excelsa-2019\/\">\r\n                            Il Gruppo Dosi premiato a Excelsa 2019                    <\/a>\r\n                <\/h2>\r\n                                                                                                                                                                                            <p>Mercoled\u00ec 9 Ottobre 2019 presso la Fiera di Cesena, si \u00e8 tenuta la cerimonia di consegna \u201cExcelsa 2019 Confindustria Romagna Award\u201d grazie alla quale ogni anno vengono riconosciute le pi\u00f9 eccellenti iniziative imprenditoriali romagnole<\/p>\n                                                                                                                                                        <div class=\"btn-wraper\">\r\n                                    \r\n                                                                            <a href=\"https:\/\/staging.baruffaldi.eu\/it\/2020\/02\/10\/il-gruppo-dosi-premiato-a-excelsa-2019\/\" class=\"elementskit-btn  whitespace--normal\" >\r\n                                                                                    Continua                                        <\/a>\r\n                                                                    <\/div>\r\n                                                    <\/div><!-- .elementskit-post-body END -->\r\n                    <\/div>\r\n                \r\n            <\/div>\r\n\r\n            \r\n            \r\n\r\n            <div class=\"col-lg-3 col-md-6\">\r\n\r\n                                    <div class=\"elementskit-post-image-card\">\r\n                        <div class=\"elementskit-entry-header\">\r\n                                                            <a href=\"https:\/\/staging.baruffaldi.eu\/it\/2019\/12\/10\/unanteprima-di-successo-per-licut-di-baruffaldi-al-k2019\/\" class=\"elementskit-entry-thumb\">\r\n                                    <img src=\"https:\/\/staging.baruffaldi.eu\/wp-content\/uploads\/2019\/12\/iCutK2019-768x432.jpg\" alt=\"Un\u2019anteprima di successo per l\u2019iCut di Baruffaldi al K2019\">\r\n                                <\/a><!-- .elementskit-entry-thumb END -->\r\n                                                            \r\n                                                    <\/div><!-- .elementskit-entry-header END -->\r\n\r\n                        <div class=\"elementskit-post-body \">\r\n                            \r\n                                                                                                                <div class=\"post-meta-list\">\r\n                                                                                                <span class=\"meta-date\">\r\n\r\n                                \r\n                                <span class=\"meta-date-text\">\r\n                                    10 Dicembre 2019                                <\/span>\r\n                            <\/span>\r\n                                                                                                            <\/div>\r\n                                                                        \r\n                                        \r\n                                                                                                <h2 class=\"entry-title\">\r\n                    <a href=\"https:\/\/staging.baruffaldi.eu\/it\/2019\/12\/10\/unanteprima-di-successo-per-licut-di-baruffaldi-al-k2019\/\">\r\n                            Un\u2019anteprima di successo per l\u2019iCut di Baruffaldi al K2019                    <\/a>\r\n                <\/h2>\r\n                                                                                                                                                                                            <p>Baruffaldi \u00e8 stata protagonista dell\u2019edizione di quest\u2019anno del K2019, la fiera leader mondiale per l\u2019industria delle materie plastiche e della gomma, che si \u00e8 tenuta a D\u00fcsseldorf<\/p>\n                                                                                                                                                        <div class=\"btn-wraper\">\r\n                                    \r\n                                                                            <a href=\"https:\/\/staging.baruffaldi.eu\/it\/2019\/12\/10\/unanteprima-di-successo-per-licut-di-baruffaldi-al-k2019\/\" class=\"elementskit-btn  whitespace--normal\" >\r\n                                                                                    Continua                                        <\/a>\r\n                                                                    <\/div>\r\n                                                    <\/div><!-- .elementskit-post-body END -->\r\n                    <\/div>\r\n                \r\n            <\/div>\r\n\r\n            \r\n            \r\n\r\n            <div class=\"col-lg-3 col-md-6\">\r\n\r\n                                    <div class=\"elementskit-post-image-card\">\r\n                        <div class=\"elementskit-entry-header\">\r\n                                                            <a href=\"https:\/\/staging.baruffaldi.eu\/it\/2018\/10\/14\/la-famiglia-dosi-ospita-il-museo-un-aereo-una-storia-umanitaria-degli-air-finders\/\" class=\"elementskit-entry-thumb\">\r\n                                    <img src=\"https:\/\/staging.baruffaldi.eu\/wp-content\/uploads\/2018\/10\/AirFinders-768x432.jpg\" alt=\"La famiglia Dosi ospita il museo \u201cUn Aereo Una Storia Umanitaria\u201d degli Air Finders\">\r\n                                <\/a><!-- .elementskit-entry-thumb END -->\r\n                                                            \r\n                                                    <\/div><!-- .elementskit-entry-header END -->\r\n\r\n                        <div class=\"elementskit-post-body \">\r\n                            \r\n                                                                                                                <div class=\"post-meta-list\">\r\n                                                                                                <span class=\"meta-date\">\r\n\r\n                                \r\n                                <span class=\"meta-date-text\">\r\n                                    14 Ottobre 2018                                <\/span>\r\n                            <\/span>\r\n                                                                                                            <\/div>\r\n                                                                        \r\n                                        \r\n                                                                                                <h2 class=\"entry-title\">\r\n                    <a href=\"https:\/\/staging.baruffaldi.eu\/it\/2018\/10\/14\/la-famiglia-dosi-ospita-il-museo-un-aereo-una-storia-umanitaria-degli-air-finders\/\">\r\n                            La famiglia Dosi ospita il museo \u201cUn Aereo Una Storia Umanitaria\u201d degli Air Finders                    <\/a>\r\n                <\/h2>\r\n                                                                                                                                                                                            <p>Sabato 13 ottobre nel Comune di Fusignano presso l\u2019officina Dosi di via Maiano 63 si \u00e8 tenuta l\u2019inaugurazione ufficiale della sede dell\u2019associazione Raf \u2013 Romagna Air Finders<\/p>\n                                                                                                                                                        <div class=\"btn-wraper\">\r\n                                    \r\n                                                                            <a href=\"https:\/\/staging.baruffaldi.eu\/it\/2018\/10\/14\/la-famiglia-dosi-ospita-il-museo-un-aereo-una-storia-umanitaria-degli-air-finders\/\" class=\"elementskit-btn  whitespace--normal\" >\r\n                                                                                    Continua                                        <\/a>\r\n                                                                    <\/div>\r\n                                                    <\/div><!-- .elementskit-post-body END -->\r\n                    <\/div>\r\n                \r\n            <\/div>\r\n\r\n            \r\n            \r\n\r\n            <div class=\"col-lg-3 col-md-6\">\r\n\r\n                                    <div class=\"elementskit-post-image-card\">\r\n                        <div class=\"elementskit-entry-header\">\r\n                                                            <a href=\"https:\/\/staging.baruffaldi.eu\/it\/2018\/06\/08\/open-day-2018-when-teamwork-makes-dreams-work\/\" class=\"elementskit-entry-thumb\">\r\n                                    <img src=\"https:\/\/staging.baruffaldi.eu\/wp-content\/uploads\/2018\/06\/OpenDay2018-768x432.jpg\" alt=\"Open Day 2018: When Teamwork Makes Dreams Work\">\r\n                                <\/a><!-- .elementskit-entry-thumb END -->\r\n                                                            \r\n                                                    <\/div><!-- .elementskit-entry-header END -->\r\n\r\n                        <div class=\"elementskit-post-body \">\r\n                            \r\n                                                                                                                <div class=\"post-meta-list\">\r\n                                                                                                <span class=\"meta-date\">\r\n\r\n                                \r\n                                <span class=\"meta-date-text\">\r\n                                    8 Giugno 2018                                <\/span>\r\n                            <\/span>\r\n                                                                                                            <\/div>\r\n                                                                        \r\n                                        \r\n                                                                                                <h2 class=\"entry-title\">\r\n                    <a href=\"https:\/\/staging.baruffaldi.eu\/it\/2018\/06\/08\/open-day-2018-when-teamwork-makes-dreams-work\/\">\r\n                            Open Day 2018: When Teamwork Makes Dreams Work                    <\/a>\r\n                <\/h2>\r\n                                                                                                                                                                                            <p>Anche quest\u2019anno il Gruppo Dosi ha aperto, il 12 giugno, le porte dei suoi stabilimenti a Fusignano, in provincia di Ravenna, per permettere a clienti e fornitori delle tre aziende che lo compongono <\/p>\n                                                                                                                                                        <div class=\"btn-wraper\">\r\n                                    \r\n                                                                            <a href=\"https:\/\/staging.baruffaldi.eu\/it\/2018\/06\/08\/open-day-2018-when-teamwork-makes-dreams-work\/\" class=\"elementskit-btn  whitespace--normal\" >\r\n                                                                                    Continua                                        <\/a>\r\n                                                                    <\/div>\r\n                                                    <\/div><!-- .elementskit-post-body END -->\r\n                    <\/div>\r\n                \r\n            <\/div>\r\n\r\n            \r\n            \r\n\r\n            <div class=\"col-lg-3 col-md-6\">\r\n\r\n                                    <div class=\"elementskit-post-image-card\">\r\n                        <div class=\"elementskit-entry-header\">\r\n                                                            <a href=\"https:\/\/staging.baruffaldi.eu\/it\/2017\/11\/13\/macplas-pubblica-la-scelta-vincente-del-gruppo-dosi\/\" class=\"elementskit-entry-thumb\">\r\n                                    <img src=\"https:\/\/staging.baruffaldi.eu\/wp-content\/uploads\/2017\/11\/Macplas-768x432.jpg\" alt=\"Macplas pubblica la scelta vincente del Gruppo Dosi\">\r\n                                <\/a><!-- .elementskit-entry-thumb END -->\r\n                                                            \r\n                                                    <\/div><!-- .elementskit-entry-header END -->\r\n\r\n                        <div class=\"elementskit-post-body \">\r\n                            \r\n                                                                                                                <div class=\"post-meta-list\">\r\n                                                                                                <span class=\"meta-date\">\r\n\r\n                                \r\n                                <span class=\"meta-date-text\">\r\n                                    13 Novembre 2017                                <\/span>\r\n                            <\/span>\r\n                                                                                                            <\/div>\r\n                                                                        \r\n                                        \r\n                                                                                                <h2 class=\"entry-title\">\r\n                    <a href=\"https:\/\/staging.baruffaldi.eu\/it\/2017\/11\/13\/macplas-pubblica-la-scelta-vincente-del-gruppo-dosi\/\">\r\n                            Macplas pubblica la scelta vincente del Gruppo Dosi                    <\/a>\r\n                <\/h2>\r\n                                                                                                                                                                                            <p>Macplas, la pi\u00f9 importante rivista di settore dell\u2019industria delle materie plastiche e della gomma, successivamente alla sua partecipazione al nostro Open House 2017<\/p>\n                                                                                                                                                        <div class=\"btn-wraper\">\r\n                                    \r\n                                                                            <a href=\"https:\/\/staging.baruffaldi.eu\/it\/2017\/11\/13\/macplas-pubblica-la-scelta-vincente-del-gruppo-dosi\/\" class=\"elementskit-btn  whitespace--normal\" >\r\n                                                                                    Continua                                        <\/a>\r\n                                                                    <\/div>\r\n                                                    <\/div><!-- .elementskit-post-body END -->\r\n                    <\/div>\r\n                \r\n            <\/div>\r\n\r\n            \r\n            \r\n\r\n            <div class=\"col-lg-3 col-md-6\">\r\n\r\n                                    <div class=\"elementskit-post-image-card\">\r\n                        <div class=\"elementskit-entry-header\">\r\n                                                            <a href=\"https:\/\/staging.baruffaldi.eu\/it\/2017\/11\/10\/il-gruppo-dosi-eccelle-nellinnovazione-premiato-ad-excelsa-2017\/\" class=\"elementskit-entry-thumb\">\r\n                                    <img src=\"https:\/\/staging.baruffaldi.eu\/wp-content\/uploads\/2017\/11\/Excelsa2017-768x432.jpg\" alt=\"Il Gruppo Dosi eccelle nell\u2019innovazione: premiato ad Excelsa 2017\">\r\n                                <\/a><!-- .elementskit-entry-thumb END -->\r\n                                                            \r\n                                                    <\/div><!-- .elementskit-entry-header END -->\r\n\r\n                        <div class=\"elementskit-post-body \">\r\n                            \r\n                                                                                                                <div class=\"post-meta-list\">\r\n                                                                                                <span class=\"meta-date\">\r\n\r\n                                \r\n                                <span class=\"meta-date-text\">\r\n                                    10 Novembre 2017                                <\/span>\r\n                            <\/span>\r\n                                                                                                            <\/div>\r\n                                                                        \r\n                                        \r\n                                                                                                <h2 class=\"entry-title\">\r\n                    <a href=\"https:\/\/staging.baruffaldi.eu\/it\/2017\/11\/10\/il-gruppo-dosi-eccelle-nellinnovazione-premiato-ad-excelsa-2017\/\">\r\n                            Il Gruppo Dosi eccelle nell\u2019innovazione: premiato ad Excelsa 2017                    <\/a>\r\n                <\/h2>\r\n                                                                                                                                                                                            <p>Le aziende del Gruppo, Dosi Costruzioni Meccaniche e Baruffaldi Plastic Technology-Primac, riconosciute le pi\u00f9 tecnologicamente innovative al \u201cConfindustria Romagna Award\u201d<\/p>\n                                                                                                                                                        <div class=\"btn-wraper\">\r\n                                    \r\n                                                                            <a href=\"https:\/\/staging.baruffaldi.eu\/it\/2017\/11\/10\/il-gruppo-dosi-eccelle-nellinnovazione-premiato-ad-excelsa-2017\/\" class=\"elementskit-btn  whitespace--normal\" >\r\n                                                                                    Continua                                        <\/a>\r\n                                                                    <\/div>\r\n                                                    <\/div><!-- .elementskit-post-body END -->\r\n                    <\/div>\r\n                \r\n            <\/div>\r\n\r\n            \r\n            \r\n\r\n            <div class=\"col-lg-3 col-md-6\">\r\n\r\n                                    <div class=\"elementskit-post-image-card\">\r\n                        <div class=\"elementskit-entry-header\">\r\n                                                            <a href=\"https:\/\/staging.baruffaldi.eu\/it\/2017\/10\/13\/xi-edizione-guidarello-giovani\/\" class=\"elementskit-entry-thumb\">\r\n                                    <img src=\"https:\/\/staging.baruffaldi.eu\/wp-content\/uploads\/2017\/10\/GuidarelloGiovaniXIEdition-768x432.jpg\" alt=\"XI edizione Guidarello Giovani\">\r\n                                <\/a><!-- .elementskit-entry-thumb END -->\r\n                                                            \r\n                                                    <\/div><!-- .elementskit-entry-header END -->\r\n\r\n                        <div class=\"elementskit-post-body \">\r\n                            \r\n                                                                                                                <div class=\"post-meta-list\">\r\n                                                                                                <span class=\"meta-date\">\r\n\r\n                                \r\n                                <span class=\"meta-date-text\">\r\n                                    13 Ottobre 2017                                <\/span>\r\n                            <\/span>\r\n                                                                                                            <\/div>\r\n                                                                        \r\n                                        \r\n                                                                                                <h2 class=\"entry-title\">\r\n                    <a href=\"https:\/\/staging.baruffaldi.eu\/it\/2017\/10\/13\/xi-edizione-guidarello-giovani\/\">\r\n                            XI edizione Guidarello Giovani                    <\/a>\r\n                <\/h2>\r\n                                                                                                                                                                                            <p>Il Gruppo Dosi ha aderito anche quest\u2019anno all\u2019iniziativa \u201cGuidarello Giovani XI \u2013 Reportage in Azienda\u201d, organizzato da Confindustria Romagna, in collaborazione con l\u2019Ufficio Regionale per l\u2019Emilia Romagna \u2013 Ambito Territoriale di Ravenna<\/p>\n                                                                                                                                                        <div class=\"btn-wraper\">\r\n                                    \r\n                                                                            <a href=\"https:\/\/staging.baruffaldi.eu\/it\/2017\/10\/13\/xi-edizione-guidarello-giovani\/\" class=\"elementskit-btn  whitespace--normal\" >\r\n                                                                                    Continua                                        <\/a>\r\n                                                                    <\/div>\r\n                                                    <\/div><!-- .elementskit-post-body END -->\r\n                    <\/div>\r\n                \r\n            <\/div>\r\n\r\n            \r\n            \r\n\r\n            <div class=\"col-lg-3 col-md-6\">\r\n\r\n                                    <div class=\"elementskit-post-image-card\">\r\n                        <div class=\"elementskit-entry-header\">\r\n                                                            <a href=\"https:\/\/staging.baruffaldi.eu\/it\/2017\/06\/24\/open-house-2017\/\" class=\"elementskit-entry-thumb\">\r\n                                    <img src=\"https:\/\/staging.baruffaldi.eu\/wp-content\/uploads\/2017\/06\/OpenHouse2017-768x432.jpg\" alt=\"Open House 2017\">\r\n                                <\/a><!-- .elementskit-entry-thumb END -->\r\n                                                            \r\n                                                    <\/div><!-- .elementskit-entry-header END -->\r\n\r\n                        <div class=\"elementskit-post-body \">\r\n                            \r\n                                                                                                                <div class=\"post-meta-list\">\r\n                                                                                                <span class=\"meta-date\">\r\n\r\n                                \r\n                                <span class=\"meta-date-text\">\r\n                                    24 Giugno 2017                                <\/span>\r\n                            <\/span>\r\n                                                                                                            <\/div>\r\n                                                                        \r\n                                        \r\n                                                                                                <h2 class=\"entry-title\">\r\n                    <a href=\"https:\/\/staging.baruffaldi.eu\/it\/2017\/06\/24\/open-house-2017\/\">\r\n                            Open House 2017                    <\/a>\r\n                <\/h2>\r\n                                                                                                                                                                                            <p>In occasione dell\u2019Open House svoltosi il 23 giugno 2017 a Fusignano, Baruffaldi Plastic Technology ha celebrato l\u2019inaugurazione del nuovo stabilimento e l\u2019unione consolidata con la Dosi Costruzioni Meccaniche<\/p>\n                                                                                                                                                        <div class=\"btn-wraper\">\r\n                                    \r\n                                                                            <a href=\"https:\/\/staging.baruffaldi.eu\/it\/2017\/06\/24\/open-house-2017\/\" class=\"elementskit-btn  whitespace--normal\" >\r\n                                                                                    Continua                                        <\/a>\r\n                                                                    <\/div>\r\n                                                    <\/div><!-- .elementskit-post-body END -->\r\n                    <\/div>\r\n                \r\n            <\/div>\r\n\r\n            \r\n            \r\n\r\n            <div class=\"col-lg-3 col-md-6\">\r\n\r\n                                    <div class=\"elementskit-post-image-card\">\r\n                        <div class=\"elementskit-entry-header\">\r\n                                                            <a href=\"https:\/\/staging.baruffaldi.eu\/it\/2017\/03\/19\/la-dosi-baruffaldi-primac-evolve-il-suo-assetto-e-macina-progresso-2\/\" class=\"elementskit-entry-thumb\">\r\n                                    <img src=\"https:\/\/staging.baruffaldi.eu\/wp-content\/uploads\/2017\/03\/4000SquareMetres-768x432.jpg\" alt=\"La DOSI Baruffaldi \u2013 Primac, evolve il suo assetto e macina progresso\">\r\n                                <\/a><!-- .elementskit-entry-thumb END -->\r\n                                                            \r\n                                                    <\/div><!-- .elementskit-entry-header END -->\r\n\r\n                        <div class=\"elementskit-post-body \">\r\n                            \r\n                                                                                                                <div class=\"post-meta-list\">\r\n                                                                                                <span class=\"meta-date\">\r\n\r\n                                \r\n                                <span class=\"meta-date-text\">\r\n                                    19 Marzo 2017                                <\/span>\r\n                            <\/span>\r\n                                                                                                            <\/div>\r\n                                                                        \r\n                                        \r\n                                                                                                <h2 class=\"entry-title\">\r\n                    <a href=\"https:\/\/staging.baruffaldi.eu\/it\/2017\/03\/19\/la-dosi-baruffaldi-primac-evolve-il-suo-assetto-e-macina-progresso-2\/\">\r\n                            La DOSI Baruffaldi \u2013 Primac, evolve il suo assetto e macina progresso                    <\/a>\r\n                <\/h2>\r\n                                                                                                                                                                                            <p>Al raggiungimento di una posizione di eccellenza crescente nel settore delle lavorazioni e costruzioni meccaniche (DOSI srl) unita all\u2019esperienza<\/p>\n                                                                                                                                                        <div class=\"btn-wraper\">\r\n                                    \r\n                                                                            <a href=\"https:\/\/staging.baruffaldi.eu\/it\/2017\/03\/19\/la-dosi-baruffaldi-primac-evolve-il-suo-assetto-e-macina-progresso-2\/\" class=\"elementskit-btn  whitespace--normal\" >\r\n                                                                                    Continua                                        <\/a>\r\n                                                                    <\/div>\r\n                                                    <\/div><!-- .elementskit-post-body END -->\r\n                    <\/div>\r\n                \r\n            <\/div>\r\n\r\n            \r\n            \r\n\r\n            <div class=\"col-lg-3 col-md-6\">\r\n\r\n                                    <div class=\"elementskit-post-image-card\">\r\n                        <div class=\"elementskit-entry-header\">\r\n                                                            <a href=\"https:\/\/staging.baruffaldi.eu\/it\/2016\/11\/10\/guidarello-giovani-2016-porto-e-web-binomio-vincente-per-il-liceo-torricelli-ballardini-di-faenza\/\" class=\"elementskit-entry-thumb\">\r\n                                    <img src=\"https:\/\/staging.baruffaldi.eu\/wp-content\/uploads\/2016\/11\/GuidarelloGiovani2016-768x432.jpg\" alt=\"Guidarello Giovani 2016: Porto e web binomio vincente per il liceo \u201cTorricelli Ballardini\u201d di Faenza\">\r\n                                <\/a><!-- .elementskit-entry-thumb END -->\r\n                                                            \r\n                                                    <\/div><!-- .elementskit-entry-header END -->\r\n\r\n                        <div class=\"elementskit-post-body \">\r\n                            \r\n                                                                                                                <div class=\"post-meta-list\">\r\n                                                                                                <span class=\"meta-date\">\r\n\r\n                                \r\n                                <span class=\"meta-date-text\">\r\n                                    10 Novembre 2016                                <\/span>\r\n                            <\/span>\r\n                                                                                                            <\/div>\r\n                                                                        \r\n                                        \r\n                                                                                                <h2 class=\"entry-title\">\r\n                    <a href=\"https:\/\/staging.baruffaldi.eu\/it\/2016\/11\/10\/guidarello-giovani-2016-porto-e-web-binomio-vincente-per-il-liceo-torricelli-ballardini-di-faenza\/\">\r\n                            Guidarello Giovani 2016: Porto e web binomio vincente per il liceo \u201cTorricelli Ballardini\u201d di Faenza                    <\/a>\r\n                <\/h2>\r\n                                                                                                                                                                                            <p>La sezione web, al suo esordio nell\u2019edizione 2016, vale il primo premio assoluto del Guidarello Giovani<\/p>\n                                                                                                                                                        <div class=\"btn-wraper\">\r\n                                    \r\n                                                                            <a href=\"https:\/\/staging.baruffaldi.eu\/it\/2016\/11\/10\/guidarello-giovani-2016-porto-e-web-binomio-vincente-per-il-liceo-torricelli-ballardini-di-faenza\/\" class=\"elementskit-btn  whitespace--normal\" >\r\n                                                                                    Continua                                        <\/a>\r\n                                                                    <\/div>\r\n                                                    <\/div><!-- .elementskit-post-body END -->\r\n                    <\/div>\r\n                \r\n            <\/div>\r\n\r\n            \r\n            \r\n\r\n            <div class=\"col-lg-3 col-md-6\">\r\n\r\n                                    <div class=\"elementskit-post-image-card\">\r\n                        <div class=\"elementskit-entry-header\">\r\n                                                            <a href=\"https:\/\/staging.baruffaldi.eu\/it\/2016\/09\/20\/linea-di-estrusione-omnia-la-protagonista-dellopen-day-baruffaldi-primac\/\" class=\"elementskit-entry-thumb\">\r\n                                    <img src=\"https:\/\/staging.baruffaldi.eu\/wp-content\/uploads\/2016\/09\/LineaEstrusioneOMNIA-768x432.jpg\" alt=\"Linea di estrusione OMNIA: la protagonista dell\u2019Open Day Baruffaldi-Primac\">\r\n                                <\/a><!-- .elementskit-entry-thumb END -->\r\n                                                            \r\n                                                    <\/div><!-- .elementskit-entry-header END -->\r\n\r\n                        <div class=\"elementskit-post-body \">\r\n                            \r\n                                                                                                                <div class=\"post-meta-list\">\r\n                                                                                                <span class=\"meta-date\">\r\n\r\n                                \r\n                                <span class=\"meta-date-text\">\r\n                                    20 Settembre 2016                                <\/span>\r\n                            <\/span>\r\n                                                                                                            <\/div>\r\n                                                                        \r\n                                        \r\n                                                                                                <h2 class=\"entry-title\">\r\n                    <a href=\"https:\/\/staging.baruffaldi.eu\/it\/2016\/09\/20\/linea-di-estrusione-omnia-la-protagonista-dellopen-day-baruffaldi-primac\/\">\r\n                            Linea di estrusione OMNIA: la protagonista dell\u2019Open Day Baruffaldi-Primac                    <\/a>\r\n                <\/h2>\r\n                                                                                                                                                                                            <p>L\u2019Open Day \u00e8 per noi un\u2019occasione speciale per incontrare clienti, mostrare la nostra fabbrica, condividere innovazioni di prodotto e ottenere feedback<\/p>\n                                                                                                                                                        <div class=\"btn-wraper\">\r\n                                    \r\n                                                                            <a href=\"https:\/\/staging.baruffaldi.eu\/it\/2016\/09\/20\/linea-di-estrusione-omnia-la-protagonista-dellopen-day-baruffaldi-primac\/\" class=\"elementskit-btn  whitespace--normal\" >\r\n                                                                                    Continua                                        <\/a>\r\n                                                                    <\/div>\r\n                                                    <\/div><!-- .elementskit-post-body END -->\r\n                    <\/div>\r\n                \r\n            <\/div>\r\n\r\n            \r\n            \r\n\r\n            <div class=\"col-lg-3 col-md-6\">\r\n\r\n                                    <div class=\"elementskit-post-image-card\">\r\n                        <div class=\"elementskit-entry-header\">\r\n                                                            <a href=\"https:\/\/staging.baruffaldi.eu\/it\/2016\/08\/20\/la-strada-vincente-dellinnovazione\/\" class=\"elementskit-entry-thumb\">\r\n                                    <img src=\"https:\/\/staging.baruffaldi.eu\/wp-content\/uploads\/2009\/08\/NuovoSito-768x432.jpg\" alt=\"La strada vincente dell\u2019innovazione\">\r\n                                <\/a><!-- .elementskit-entry-thumb END -->\r\n                                                            \r\n                                                    <\/div><!-- .elementskit-entry-header END -->\r\n\r\n                        <div class=\"elementskit-post-body \">\r\n                            \r\n                                                                                                                <div class=\"post-meta-list\">\r\n                                                                                                <span class=\"meta-date\">\r\n\r\n                                \r\n                                <span class=\"meta-date-text\">\r\n                                    20 Agosto 2016                                <\/span>\r\n                            <\/span>\r\n                                                                                                            <\/div>\r\n                                                                        \r\n                                        \r\n                                                                                                <h2 class=\"entry-title\">\r\n                    <a href=\"https:\/\/staging.baruffaldi.eu\/it\/2016\/08\/20\/la-strada-vincente-dellinnovazione\/\">\r\n                            La strada vincente dell\u2019innovazione                    <\/a>\r\n                <\/h2>\r\n                                                                                                                                                                                            <p>Il 21 aprile 2016 il Dott. Dosi ha partecipato con un suo intervento al convegno \u201cUnione Bassa Romagna: un territorio orientato allo sviluppo\u201d presso You Start di Lugo.<\/p>\n                                                                                                                                                        <div class=\"btn-wraper\">\r\n                                    \r\n                                                                            <a href=\"https:\/\/staging.baruffaldi.eu\/it\/2016\/08\/20\/la-strada-vincente-dellinnovazione\/\" class=\"elementskit-btn  whitespace--normal\" >\r\n                                                                                    Continua                                        <\/a>\r\n                                                                    <\/div>\r\n                                                    <\/div><!-- .elementskit-post-body END -->\r\n                    <\/div>\r\n                \r\n            <\/div>\r\n\r\n            \r\n            \r\n\r\n            <div class=\"col-lg-3 col-md-6\">\r\n\r\n                                    <div class=\"elementskit-post-image-card\">\r\n                        <div class=\"elementskit-entry-header\">\r\n                                                            <a href=\"https:\/\/staging.baruffaldi.eu\/it\/2016\/08\/20\/dosi-open-day-festival-dellindustria-e-dei-valori-dimpresa\/\" class=\"elementskit-entry-thumb\">\r\n                                    <img src=\"https:\/\/staging.baruffaldi.eu\/wp-content\/uploads\/2016\/08\/DOSIOPENDAY2016-768x432.jpg\" alt=\"DOSI OPEN DAY \u2013 FESTIVAL DELL\u2019INDUSTRIA E DEI VALORI D\u2019IMPRESA\">\r\n                                <\/a><!-- .elementskit-entry-thumb END -->\r\n                                                            \r\n                                                    <\/div><!-- .elementskit-entry-header END -->\r\n\r\n                        <div class=\"elementskit-post-body \">\r\n                            \r\n                                                                                                                <div class=\"post-meta-list\">\r\n                                                                                                <span class=\"meta-date\">\r\n\r\n                                \r\n                                <span class=\"meta-date-text\">\r\n                                    20 Agosto 2016                                <\/span>\r\n                            <\/span>\r\n                                                                                                            <\/div>\r\n                                                                        \r\n                                        \r\n                                                                                                <h2 class=\"entry-title\">\r\n                    <a href=\"https:\/\/staging.baruffaldi.eu\/it\/2016\/08\/20\/dosi-open-day-festival-dellindustria-e-dei-valori-dimpresa\/\">\r\n                            DOSI OPEN DAY \u2013 FESTIVAL DELL\u2019INDUSTRIA E DEI VALORI D\u2019IMPRESA                    <\/a>\r\n                <\/h2>\r\n                                                                                                                                                                                            <p>Il 7 luglio 2016 la  Dosi Sr ha avuto il piacere di accogliere presso la propria sede autorit\u00e0 locali, clienti e fornitori per una giornata di Open House all\u2019insegna della condivisione<\/p>\n                                                                                                                                                        <div class=\"btn-wraper\">\r\n                                    \r\n                                                                            <a href=\"https:\/\/staging.baruffaldi.eu\/it\/2016\/08\/20\/dosi-open-day-festival-dellindustria-e-dei-valori-dimpresa\/\" class=\"elementskit-btn  whitespace--normal\" >\r\n                                                                                    Continua                                        <\/a>\r\n                                                                    <\/div>\r\n                                                    <\/div><!-- .elementskit-post-body END -->\r\n                    <\/div>\r\n                \r\n            <\/div>\r\n\r\n            \r\n            \r\n\r\n            <div class=\"col-lg-3 col-md-6\">\r\n\r\n                                    <div class=\"elementskit-post-image-card\">\r\n                        <div class=\"elementskit-entry-header\">\r\n                                                            <a href=\"https:\/\/staging.baruffaldi.eu\/it\/2015\/12\/20\/pmiday2015\/\" class=\"elementskit-entry-thumb\">\r\n                                    <img src=\"https:\/\/staging.baruffaldi.eu\/wp-content\/uploads\/2021\/07\/PMIDAY2015-768x432.jpg\" alt=\"PMI DAY 2015 \u2013 Sesta Giornata Nazionale delle Piccole e Medie Imprese\">\r\n                                <\/a><!-- .elementskit-entry-thumb END -->\r\n                                                            \r\n                                                    <\/div><!-- .elementskit-entry-header END -->\r\n\r\n                        <div class=\"elementskit-post-body \">\r\n                            \r\n                                                                                                                <div class=\"post-meta-list\">\r\n                                                                                                <span class=\"meta-date\">\r\n\r\n                                \r\n                                <span class=\"meta-date-text\">\r\n                                    20 Dicembre 2015                                <\/span>\r\n                            <\/span>\r\n                                                                                                            <\/div>\r\n                                                                        \r\n                                        \r\n                                                                                                <h2 class=\"entry-title\">\r\n                    <a href=\"https:\/\/staging.baruffaldi.eu\/it\/2015\/12\/20\/pmiday2015\/\">\r\n                            PMI DAY 2015 \u2013 Sesta Giornata Nazionale delle Piccole e Medie Imprese                    <\/a>\r\n                <\/h2>\r\n                                                                                                                                                                                            <p>Industriamoci, la giornata che mette in comunicazione gli studenti con le piccole e medie imprese del territorio, organizzata da Confindustria nell\u2019ambito della Settimana della Cultura d\u2019Impresa<\/p>\n                                                                                                                                                        <div class=\"btn-wraper\">\r\n                                    \r\n                                                                            <a href=\"https:\/\/staging.baruffaldi.eu\/it\/2015\/12\/20\/pmiday2015\/\" class=\"elementskit-btn  whitespace--normal\" >\r\n                                                                                    Continua                                        <\/a>\r\n                                                                    <\/div>\r\n                                                    <\/div><!-- .elementskit-post-body END -->\r\n                    <\/div>\r\n                \r\n            <\/div>\r\n\r\n            \r\n            \r\n\r\n            <div class=\"col-lg-3 col-md-6\">\r\n\r\n                                    <div class=\"elementskit-post-image-card\">\r\n                        <div class=\"elementskit-entry-header\">\r\n                                                            <a href=\"https:\/\/staging.baruffaldi.eu\/it\/2015\/11\/14\/trionfo-al-memorial-alfredo-melandri-2015\/\" class=\"elementskit-entry-thumb\">\r\n                                    <img src=\"https:\/\/staging.baruffaldi.eu\/wp-content\/uploads\/2015\/11\/MEMORIALMELANDRI2015-768x432.jpg\" alt=\"TRIONFO AL MEMORIAL ALFREDO MELANDRI 2015\">\r\n                                <\/a><!-- .elementskit-entry-thumb END -->\r\n                                                            \r\n                                                    <\/div><!-- .elementskit-entry-header END -->\r\n\r\n                        <div class=\"elementskit-post-body \">\r\n                            \r\n                                                                                                                <div class=\"post-meta-list\">\r\n                                                                                                <span class=\"meta-date\">\r\n\r\n                                \r\n                                <span class=\"meta-date-text\">\r\n                                    14 Novembre 2015                                <\/span>\r\n                            <\/span>\r\n                                                                                                            <\/div>\r\n                                                                        \r\n                                        \r\n                                                                                                <h2 class=\"entry-title\">\r\n                    <a href=\"https:\/\/staging.baruffaldi.eu\/it\/2015\/11\/14\/trionfo-al-memorial-alfredo-melandri-2015\/\">\r\n                            TRIONFO AL MEMORIAL ALFREDO MELANDRI 2015                    <\/a>\r\n                <\/h2>\r\n                                                                                                                                                                                            <p>Il 20 settembre scorso si \u00e8 tenuto, nell\u2019ambito della sedicesima edizione della manifestazione lughese \u201cRombi di passione\u201d,  lo storico Memorial Melandri<\/p>\n                                                                                                                                                        <div class=\"btn-wraper\">\r\n                                    \r\n                                                                            <a href=\"https:\/\/staging.baruffaldi.eu\/it\/2015\/11\/14\/trionfo-al-memorial-alfredo-melandri-2015\/\" class=\"elementskit-btn  whitespace--normal\" >\r\n                                                                                    Continua                                        <\/a>\r\n                                                                    <\/div>\r\n                                                    <\/div><!-- .elementskit-post-body END -->\r\n                    <\/div>\r\n                \r\n            <\/div>\r\n\r\n            \r\n            \r\n\r\n            <div class=\"col-lg-3 col-md-6\">\r\n\r\n                                    <div class=\"elementskit-post-image-card\">\r\n                        <div class=\"elementskit-entry-header\">\r\n                                                            <a href=\"https:\/\/staging.baruffaldi.eu\/it\/2015\/07\/20\/dosi-allincontro-impresa-e-cultura-cultura-e-impresa-di-confindustria-ravenna-al-salone-estense-di-lugo\/\" class=\"elementskit-entry-thumb\">\r\n                                    <img src=\"https:\/\/staging.baruffaldi.eu\/wp-content\/uploads\/2015\/07\/ImpresaCultura-768x432.jpg\" alt=\"DOSI all\u2019incontro \u201cImpresa \u00e8 cultura, Cultura \u00e8 impresa\u201d di Confindustria Ravenna al Salone Estense di Lugo\">\r\n                                <\/a><!-- .elementskit-entry-thumb END -->\r\n                                                            \r\n                                                    <\/div><!-- .elementskit-entry-header END -->\r\n\r\n                        <div class=\"elementskit-post-body \">\r\n                            \r\n                                                                                                                <div class=\"post-meta-list\">\r\n                                                                                                <span class=\"meta-date\">\r\n\r\n                                \r\n                                <span class=\"meta-date-text\">\r\n                                    20 Luglio 2015                                <\/span>\r\n                            <\/span>\r\n                                                                                                            <\/div>\r\n                                                                        \r\n                                        \r\n                                                                                                <h2 class=\"entry-title\">\r\n                    <a href=\"https:\/\/staging.baruffaldi.eu\/it\/2015\/07\/20\/dosi-allincontro-impresa-e-cultura-cultura-e-impresa-di-confindustria-ravenna-al-salone-estense-di-lugo\/\">\r\n                            DOSI all\u2019incontro \u201cImpresa \u00e8 cultura, Cultura \u00e8 impresa\u201d di Confindustria Ravenna al Salone Estense di Lugo                    <\/a>\r\n                <\/h2>\r\n                                                                                                                                                                                            <p>Nell\u2019ambito del 1\u00b0 Festival dell\u2019Industria e dei Valori d\u2019Impresa, il Salone Estense di Lugo<\/p>\n                                                                                                                                                        <div class=\"btn-wraper\">\r\n                                    \r\n                                                                            <a href=\"https:\/\/staging.baruffaldi.eu\/it\/2015\/07\/20\/dosi-allincontro-impresa-e-cultura-cultura-e-impresa-di-confindustria-ravenna-al-salone-estense-di-lugo\/\" class=\"elementskit-btn  whitespace--normal\" >\r\n                                                                                    Continua                                        <\/a>\r\n                                                                    <\/div>\r\n                                                    <\/div><!-- .elementskit-post-body END -->\r\n                    <\/div>\r\n                \r\n            <\/div>\r\n\r\n            \r\n            \r\n\r\n            <div class=\"col-lg-3 col-md-6\">\r\n\r\n                                    <div class=\"elementskit-post-image-card\">\r\n                        <div class=\"elementskit-entry-header\">\r\n                                                            <a href=\"https:\/\/staging.baruffaldi.eu\/it\/2015\/06\/20\/la-dosi-srl-contribuisce-allallestimento-della-mostra-fotografica\/\" class=\"elementskit-entry-thumb\">\r\n                                    <img src=\"https:\/\/staging.baruffaldi.eu\/wp-content\/uploads\/2015\/06\/DosiAlberto-768x432.jpg\" alt=\"LA DOSI SRL CONTRIBUISCE ALL\u2019ALLESTIMENTO DELLA MOSTRA FOTOGRAFICA\">\r\n                                <\/a><!-- .elementskit-entry-thumb END -->\r\n                                                            \r\n                                                    <\/div><!-- .elementskit-entry-header END -->\r\n\r\n                        <div class=\"elementskit-post-body \">\r\n                            \r\n                                                                                                                <div class=\"post-meta-list\">\r\n                                                                                                <span class=\"meta-date\">\r\n\r\n                                \r\n                                <span class=\"meta-date-text\">\r\n                                    20 Giugno 2015                                <\/span>\r\n                            <\/span>\r\n                                                                                                            <\/div>\r\n                                                                        \r\n                                        \r\n                                                                                                <h2 class=\"entry-title\">\r\n                    <a href=\"https:\/\/staging.baruffaldi.eu\/it\/2015\/06\/20\/la-dosi-srl-contribuisce-allallestimento-della-mostra-fotografica\/\">\r\n                            LA DOSI SRL CONTRIBUISCE ALL\u2019ALLESTIMENTO DELLA MOSTRA FOTOGRAFICA                    <\/a>\r\n                <\/h2>\r\n                                                                                                                                                                                            <p>In occasione della celebrazione del 70\u00b0 anniversario di Confindustria Ravenna, l\u2019associazione ha organizzato il 1\u00b0 Festival dell\u2019Industria e dei Valori d\u2019Impresa<\/p>\n                                                                                                                                                        <div class=\"btn-wraper\">\r\n                                    \r\n                                                                            <a href=\"https:\/\/staging.baruffaldi.eu\/it\/2015\/06\/20\/la-dosi-srl-contribuisce-allallestimento-della-mostra-fotografica\/\" class=\"elementskit-btn  whitespace--normal\" >\r\n                                                                                    Continua                                        <\/a>\r\n                                                                    <\/div>\r\n                                                    <\/div><!-- .elementskit-post-body END -->\r\n                    <\/div>\r\n                \r\n            <\/div>\r\n\r\n            \r\n            \r\n\r\n            <div class=\"col-lg-3 col-md-6\">\r\n\r\n                                    <div class=\"elementskit-post-image-card\">\r\n                        <div class=\"elementskit-entry-header\">\r\n                                                            <a href=\"https:\/\/staging.baruffaldi.eu\/it\/2015\/06\/10\/il-lancio-del-nuovo-design-baruffaldi-al-plast-2015\/\" class=\"elementskit-entry-thumb\">\r\n                                    <img src=\"https:\/\/staging.baruffaldi.eu\/wp-content\/uploads\/2015\/06\/PLAST2015-768x432.jpg\" alt=\"IL LANCIO DEL NUOVO DESIGN BARUFFALDI AL PLAST 2015\">\r\n                                <\/a><!-- .elementskit-entry-thumb END -->\r\n                                                            \r\n                                                    <\/div><!-- .elementskit-entry-header END -->\r\n\r\n                        <div class=\"elementskit-post-body \">\r\n                            \r\n                                                                                                                <div class=\"post-meta-list\">\r\n                                                                                                <span class=\"meta-date\">\r\n\r\n                                \r\n                                <span class=\"meta-date-text\">\r\n                                    10 Giugno 2015                                <\/span>\r\n                            <\/span>\r\n                                                                                                            <\/div>\r\n                                                                        \r\n                                        \r\n                                                                                                <h2 class=\"entry-title\">\r\n                    <a href=\"https:\/\/staging.baruffaldi.eu\/it\/2015\/06\/10\/il-lancio-del-nuovo-design-baruffaldi-al-plast-2015\/\">\r\n                            IL LANCIO DEL NUOVO DESIGN BARUFFALDI AL PLAST 2015                    <\/a>\r\n                <\/h2>\r\n                                                                                                                                                                                            <p>Baruffaldi Plastic Technology ha optato per l\u2019innovazione di contenuto e di forma all\u2019edizione 2015 del salone internazionale per l\u2019industria delle materie plastiche Plast di Milano (Rho)<\/p>\n                                                                                                                                                        <div class=\"btn-wraper\">\r\n                                    \r\n                                                                            <a href=\"https:\/\/staging.baruffaldi.eu\/it\/2015\/06\/10\/il-lancio-del-nuovo-design-baruffaldi-al-plast-2015\/\" class=\"elementskit-btn  whitespace--normal\" >\r\n                                                                                    Continua                                        <\/a>\r\n                                                                    <\/div>\r\n                                                    <\/div><!-- .elementskit-post-body END -->\r\n                    <\/div>\r\n                \r\n            <\/div>\r\n\r\n            \r\n            \r\n\r\n            <div class=\"col-lg-3 col-md-6\">\r\n\r\n                                    <div class=\"elementskit-post-image-card\">\r\n                        <div class=\"elementskit-entry-header\">\r\n                                                            <a href=\"https:\/\/staging.baruffaldi.eu\/it\/2015\/04\/20\/linternazionalizzazione-della-dosi-premiata-a-excelsa-2015\/\" class=\"elementskit-entry-thumb\">\r\n                                    <img src=\"https:\/\/staging.baruffaldi.eu\/wp-content\/uploads\/2015\/04\/Excelsa2015-768x432.jpg\" alt=\"L\u2019internazionalizzazione della Dosi premiata a Excelsa 2015\">\r\n                                <\/a><!-- .elementskit-entry-thumb END -->\r\n                                                            \r\n                                                    <\/div><!-- .elementskit-entry-header END -->\r\n\r\n                        <div class=\"elementskit-post-body \">\r\n                            \r\n                                                                                                                <div class=\"post-meta-list\">\r\n                                                                                                <span class=\"meta-date\">\r\n\r\n                                \r\n                                <span class=\"meta-date-text\">\r\n                                    20 Aprile 2015                                <\/span>\r\n                            <\/span>\r\n                                                                                                            <\/div>\r\n                                                                        \r\n                                        \r\n                                                                                                <h2 class=\"entry-title\">\r\n                    <a href=\"https:\/\/staging.baruffaldi.eu\/it\/2015\/04\/20\/linternazionalizzazione-della-dosi-premiata-a-excelsa-2015\/\">\r\n                            L\u2019internazionalizzazione della Dosi premiata a Excelsa 2015                    <\/a>\r\n                <\/h2>\r\n                                                                                                                                                                                            <p>ll premio \u201cExcelsa 2015 \u2013 Confindustria Ravenna Award\u201d per la categoria \u201cInternazionalizzazione\u201d \u00e8 stato assegnato alla Dosi Costruzioni Meccaniche<\/p>\n                                                                                                                                                        <div class=\"btn-wraper\">\r\n                                    \r\n                                                                            <a href=\"https:\/\/staging.baruffaldi.eu\/it\/2015\/04\/20\/linternazionalizzazione-della-dosi-premiata-a-excelsa-2015\/\" class=\"elementskit-btn  whitespace--normal\" >\r\n                                                                                    Continua                                        <\/a>\r\n                                                                    <\/div>\r\n                                                    <\/div><!-- .elementskit-post-body END -->\r\n                    <\/div>\r\n                \r\n            <\/div>\r\n\r\n            \r\n            \r\n\r\n            <div class=\"col-lg-3 col-md-6\">\r\n\r\n                                    <div class=\"elementskit-post-image-card\">\r\n                        <div class=\"elementskit-entry-header\">\r\n                                                            <a href=\"https:\/\/staging.baruffaldi.eu\/it\/2015\/04\/10\/nip-tech-protagonista-alla-fiera-npe-2015\/\" class=\"elementskit-entry-thumb\">\r\n                                    <img src=\"https:\/\/staging.baruffaldi.eu\/wp-content\/uploads\/2015\/04\/NIP-Tech2015-768x432.jpg\" alt=\"NIP-Tech protagonista alla fiera NPE 2015\">\r\n                                <\/a><!-- .elementskit-entry-thumb END -->\r\n                                                            \r\n                                                    <\/div><!-- .elementskit-entry-header END -->\r\n\r\n                        <div class=\"elementskit-post-body \">\r\n                            \r\n                                                                                                                <div class=\"post-meta-list\">\r\n                                                                                                <span class=\"meta-date\">\r\n\r\n                                \r\n                                <span class=\"meta-date-text\">\r\n                                    10 Aprile 2015                                <\/span>\r\n                            <\/span>\r\n                                                                                                            <\/div>\r\n                                                                        \r\n                                        \r\n                                                                                                <h2 class=\"entry-title\">\r\n                    <a href=\"https:\/\/staging.baruffaldi.eu\/it\/2015\/04\/10\/nip-tech-protagonista-alla-fiera-npe-2015\/\">\r\n                            NIP-Tech protagonista alla fiera NPE 2015                    <\/a>\r\n                <\/h2>\r\n                                                                                                                                                                                            <p>Lanciata alla fine del 2013 e formata dalla Baruffaldi Plastic Technology, Engin Plast e Comav, la rete di imprese Nip-Tech, ha colto l\u2019occasione di partecipare alla fiera triennale NPE <\/p>\n                                                                                                                                                        <div class=\"btn-wraper\">\r\n                                    \r\n                                                                            <a href=\"https:\/\/staging.baruffaldi.eu\/it\/2015\/04\/10\/nip-tech-protagonista-alla-fiera-npe-2015\/\" class=\"elementskit-btn  whitespace--normal\" >\r\n                                                                                    Continua                                        <\/a>\r\n                                                                    <\/div>\r\n                                                    <\/div><!-- .elementskit-post-body END -->\r\n                    <\/div>\r\n                \r\n            <\/div>\r\n\r\n            \r\n            \r\n\r\n            <div class=\"col-lg-3 col-md-6\">\r\n\r\n                                    <div class=\"elementskit-post-image-card\">\r\n                        <div class=\"elementskit-entry-header\">\r\n                                                            <a href=\"https:\/\/staging.baruffaldi.eu\/it\/2015\/03\/20\/rt2015\/\" class=\"elementskit-entry-thumb\">\r\n                                    <img src=\"https:\/\/staging.baruffaldi.eu\/wp-content\/uploads\/2021\/07\/BaruffaldiRT2015-768x432.jpg\" alt=\"Baruffaldi @ R+T 2015\">\r\n                                <\/a><!-- .elementskit-entry-thumb END -->\r\n                                                            \r\n                                                    <\/div><!-- .elementskit-entry-header END -->\r\n\r\n                        <div class=\"elementskit-post-body \">\r\n                            \r\n                                                                                                                <div class=\"post-meta-list\">\r\n                                                                                                <span class=\"meta-date\">\r\n\r\n                                \r\n                                <span class=\"meta-date-text\">\r\n                                    20 Marzo 2015                                <\/span>\r\n                            <\/span>\r\n                                                                                                            <\/div>\r\n                                                                        \r\n                                        \r\n                                                                                                <h2 class=\"entry-title\">\r\n                    <a href=\"https:\/\/staging.baruffaldi.eu\/it\/2015\/03\/20\/rt2015\/\">\r\n                            Baruffaldi @ R+T 2015                    <\/a>\r\n                <\/h2>\r\n                                                                                                                                                                                            <p>Confermata anche per questa edizione la presenza di Baruffaldi Plastic Technology alla fiera tedesca di settore per avvolgibili, porte e protezioni contro il sole<\/p>\n                                                                                                                                                        <div class=\"btn-wraper\">\r\n                                    \r\n                                                                            <a href=\"https:\/\/staging.baruffaldi.eu\/it\/2015\/03\/20\/rt2015\/\" class=\"elementskit-btn  whitespace--normal\" >\r\n                                                                                    Continua                                        <\/a>\r\n                                                                    <\/div>\r\n                                                    <\/div><!-- .elementskit-post-body END -->\r\n                    <\/div>\r\n                \r\n            <\/div>\r\n\r\n            \r\n            \r\n\r\n            <div class=\"col-lg-3 col-md-6\">\r\n\r\n                                    <div class=\"elementskit-post-image-card\">\r\n                        <div class=\"elementskit-entry-header\">\r\n                                                            <a href=\"https:\/\/staging.baruffaldi.eu\/it\/2015\/03\/15\/baruffaldi-plastic-technology-avvicina-la-scuola-al-mondo-del-lavoro\/\" class=\"elementskit-entry-thumb\">\r\n                                    <img src=\"https:\/\/staging.baruffaldi.eu\/wp-content\/uploads\/2015\/03\/BARUFFALDISCUOLA-768x432.jpg\" alt=\"BARUFFALDI PLASTIC TECHNOLOGY AVVICINA LA SCUOLA AL MONDO DEL LAVORO\">\r\n                                <\/a><!-- .elementskit-entry-thumb END -->\r\n                                                            \r\n                                                    <\/div><!-- .elementskit-entry-header END -->\r\n\r\n                        <div class=\"elementskit-post-body \">\r\n                            \r\n                                                                                                                <div class=\"post-meta-list\">\r\n                                                                                                <span class=\"meta-date\">\r\n\r\n                                \r\n                                <span class=\"meta-date-text\">\r\n                                    15 Marzo 2015                                <\/span>\r\n                            <\/span>\r\n                                                                                                            <\/div>\r\n                                                                        \r\n                                        \r\n                                                                                                <h2 class=\"entry-title\">\r\n                    <a href=\"https:\/\/staging.baruffaldi.eu\/it\/2015\/03\/15\/baruffaldi-plastic-technology-avvicina-la-scuola-al-mondo-del-lavoro\/\">\r\n                            BARUFFALDI PLASTIC TECHNOLOGY AVVICINA LA SCUOLA AL MONDO DEL LAVORO                    <\/a>\r\n                <\/h2>\r\n                                                                                                                                                                                            <p> Venerd\u00ec 20 marzo la Baruffaldi Plastic Technology ha ospitato la 3\u00b0 classe dei periti in meccanica meccatronica ed energia dell\u2019Istituto ITI N. Copernico di Ferrara, accompagnata dai loro insegnanti<\/p>\n                                                                                                                                                        <div class=\"btn-wraper\">\r\n                                    \r\n                                                                            <a href=\"https:\/\/staging.baruffaldi.eu\/it\/2015\/03\/15\/baruffaldi-plastic-technology-avvicina-la-scuola-al-mondo-del-lavoro\/\" class=\"elementskit-btn  whitespace--normal\" >\r\n                                                                                    Continua                                        <\/a>\r\n                                                                    <\/div>\r\n                                                    <\/div><!-- .elementskit-post-body END -->\r\n                    <\/div>\r\n                \r\n            <\/div>\r\n\r\n            \r\n            \r\n\r\n            <div class=\"col-lg-3 col-md-6\">\r\n\r\n                                    <div class=\"elementskit-post-image-card\">\r\n                        <div class=\"elementskit-entry-header\">\r\n                                                            <a href=\"https:\/\/staging.baruffaldi.eu\/it\/2014\/11\/18\/pmi-day-2014-quinta-giornata-nazionale-delle-piccole-e-medie-imprese\/\" class=\"elementskit-entry-thumb\">\r\n                                    <img src=\"https:\/\/staging.baruffaldi.eu\/wp-content\/uploads\/2014\/11\/PMIDAY2014-768x432.jpg\" alt=\"PMI DAY 2014 \u2013 Quinta Giornata Nazionale delle Piccole e Medie Imprese\">\r\n                                <\/a><!-- .elementskit-entry-thumb END -->\r\n                                                            \r\n                                                    <\/div><!-- .elementskit-entry-header END -->\r\n\r\n                        <div class=\"elementskit-post-body \">\r\n                            \r\n                                                                                                                <div class=\"post-meta-list\">\r\n                                                                                                <span class=\"meta-date\">\r\n\r\n                                \r\n                                <span class=\"meta-date-text\">\r\n                                    18 Novembre 2014                                <\/span>\r\n                            <\/span>\r\n                                                                                                            <\/div>\r\n                                                                        \r\n                                        \r\n                                                                                                <h2 class=\"entry-title\">\r\n                    <a href=\"https:\/\/staging.baruffaldi.eu\/it\/2014\/11\/18\/pmi-day-2014-quinta-giornata-nazionale-delle-piccole-e-medie-imprese\/\">\r\n                            PMI DAY 2014 \u2013 Quinta Giornata Nazionale delle Piccole e Medie Imprese                    <\/a>\r\n                <\/h2>\r\n                                                                                                                                                                                            <p>PMI Day \u00e8 la giornata promossa da Confindustria in cui le piccole e medie imprese aprono le porte dei loro stabilimenti a studenti<\/p>\n                                                                                                                                                        <div class=\"btn-wraper\">\r\n                                    \r\n                                                                            <a href=\"https:\/\/staging.baruffaldi.eu\/it\/2014\/11\/18\/pmi-day-2014-quinta-giornata-nazionale-delle-piccole-e-medie-imprese\/\" class=\"elementskit-btn  whitespace--normal\" >\r\n                                                                                    Continua                                        <\/a>\r\n                                                                    <\/div>\r\n                                                    <\/div><!-- .elementskit-post-body END -->\r\n                    <\/div>\r\n                \r\n            <\/div>\r\n\r\n            \r\n            \r\n\r\n            <div class=\"col-lg-3 col-md-6\">\r\n\r\n                                    <div class=\"elementskit-post-image-card\">\r\n                        <div class=\"elementskit-entry-header\">\r\n                                                            <a href=\"https:\/\/staging.baruffaldi.eu\/it\/2014\/09\/12\/oggi-anche-affarifinanza-parla-di-nip-tech\/\" class=\"elementskit-entry-thumb\">\r\n                                    <img src=\"https:\/\/staging.baruffaldi.eu\/wp-content\/uploads\/2014\/09\/RepAffariFinanza-768x432.jpg\" alt=\"Oggi anche Affari&#038;Finanza parla di Nip-Tech!\">\r\n                                <\/a><!-- .elementskit-entry-thumb END -->\r\n                                                            \r\n                                                    <\/div><!-- .elementskit-entry-header END -->\r\n\r\n                        <div class=\"elementskit-post-body \">\r\n                            \r\n                                                                                                                <div class=\"post-meta-list\">\r\n                                                                                                <span class=\"meta-date\">\r\n\r\n                                \r\n                                <span class=\"meta-date-text\">\r\n                                    12 Settembre 2014                                <\/span>\r\n                            <\/span>\r\n                                                                                                            <\/div>\r\n                                                                        \r\n                                        \r\n                                                                                                <h2 class=\"entry-title\">\r\n                    <a href=\"https:\/\/staging.baruffaldi.eu\/it\/2014\/09\/12\/oggi-anche-affarifinanza-parla-di-nip-tech\/\">\r\n                            Oggi anche Affari&#038;Finanza parla di Nip-Tech!                    <\/a>\r\n                <\/h2>\r\n                                                                                                                                                                                            <p>In una nazione in cui l\u2019intesa tra aziende del Made in Italy appare particolarmente difficoltosa e le aggregazioni di pi\u00f9 imprese, in vista di un obiettivo comune<\/p>\n                                                                                                                                                        <div class=\"btn-wraper\">\r\n                                    \r\n                                                                            <a href=\"https:\/\/staging.baruffaldi.eu\/it\/2014\/09\/12\/oggi-anche-affarifinanza-parla-di-nip-tech\/\" class=\"elementskit-btn  whitespace--normal\" >\r\n                                                                                    Continua                                        <\/a>\r\n                                                                    <\/div>\r\n                                                    <\/div><!-- .elementskit-post-body END -->\r\n                    <\/div>\r\n                \r\n            <\/div>\r\n\r\n            \r\n            \r\n\r\n            <div class=\"col-lg-3 col-md-6\">\r\n\r\n                                    <div class=\"elementskit-post-image-card\">\r\n                        <div class=\"elementskit-entry-header\">\r\n                                                            <a href=\"https:\/\/staging.baruffaldi.eu\/it\/2014\/05\/03\/porte-aperte-alla-baruffaldi-per-la-delegazione-di-azerbaijan-e-kazakhstan\/\" class=\"elementskit-entry-thumb\">\r\n                                    <img src=\"https:\/\/staging.baruffaldi.eu\/wp-content\/uploads\/2014\/05\/AzerbaijanKazakhstan-768x432.jpg\" alt=\"Porte aperte alla Baruffaldi per la delegazione di Azerbaijan e Kazakhstan\">\r\n                                <\/a><!-- .elementskit-entry-thumb END -->\r\n                                                            \r\n                                                    <\/div><!-- .elementskit-entry-header END -->\r\n\r\n                        <div class=\"elementskit-post-body \">\r\n                            \r\n                                                                                                                <div class=\"post-meta-list\">\r\n                                                                                                <span class=\"meta-date\">\r\n\r\n                                \r\n                                <span class=\"meta-date-text\">\r\n                                    3 Maggio 2014                                <\/span>\r\n                            <\/span>\r\n                                                                                                            <\/div>\r\n                                                                        \r\n                                        \r\n                                                                                                <h2 class=\"entry-title\">\r\n                    <a href=\"https:\/\/staging.baruffaldi.eu\/it\/2014\/05\/03\/porte-aperte-alla-baruffaldi-per-la-delegazione-di-azerbaijan-e-kazakhstan\/\">\r\n                            Porte aperte alla Baruffaldi per la delegazione di Azerbaijan e Kazakhstan                    <\/a>\r\n                <\/h2>\r\n                                                                                                                                                                                            <p>Ringraziamo la delegazione di  Assocomaplast  con i produttori  provenienti da  Azerbaijan e Kazakhstan, i quali hanno mostrato interesse per la nostra gamma di prodotti.<\/p>\n                                                                                                                                                        <div class=\"btn-wraper\">\r\n                                    \r\n                                                                            <a href=\"https:\/\/staging.baruffaldi.eu\/it\/2014\/05\/03\/porte-aperte-alla-baruffaldi-per-la-delegazione-di-azerbaijan-e-kazakhstan\/\" class=\"elementskit-btn  whitespace--normal\" >\r\n                                                                                    Continua                                        <\/a>\r\n                                                                    <\/div>\r\n                                                    <\/div><!-- .elementskit-post-body END -->\r\n                    <\/div>\r\n                \r\n            <\/div>\r\n\r\n            \r\n            \r\n\r\n            <div class=\"col-lg-3 col-md-6\">\r\n\r\n                                    <div class=\"elementskit-post-image-card\">\r\n                        <div class=\"elementskit-entry-header\">\r\n                                                            <a href=\"https:\/\/staging.baruffaldi.eu\/it\/2014\/03\/17\/alberto-dosi-ospite-in-teleconferenza-del-master-in-management-dimpresa-presso-listao\/\" class=\"elementskit-entry-thumb\">\r\n                                    <img src=\"https:\/\/staging.baruffaldi.eu\/wp-content\/uploads\/2014\/03\/MasterISTAO-768x432.jpg\" alt=\"Alberto Dosi ospite in teleconferenza del Master in Management d\u2019Impresa presso l\u2019ISTAO\">\r\n                                <\/a><!-- .elementskit-entry-thumb END -->\r\n                                                            \r\n                                                    <\/div><!-- .elementskit-entry-header END -->\r\n\r\n                        <div class=\"elementskit-post-body \">\r\n                            \r\n                                                                                                                <div class=\"post-meta-list\">\r\n                                                                                                <span class=\"meta-date\">\r\n\r\n                                \r\n                                <span class=\"meta-date-text\">\r\n                                    17 Marzo 2014                                <\/span>\r\n                            <\/span>\r\n                                                                                                            <\/div>\r\n                                                                        \r\n                                        \r\n                                                                                                <h2 class=\"entry-title\">\r\n                    <a href=\"https:\/\/staging.baruffaldi.eu\/it\/2014\/03\/17\/alberto-dosi-ospite-in-teleconferenza-del-master-in-management-dimpresa-presso-listao\/\">\r\n                            Alberto Dosi ospite in teleconferenza del Master in Management d\u2019Impresa presso l\u2019ISTAO                    <\/a>\r\n                <\/h2>\r\n                                                                                                                                                                                            <p>Alberto Dosi \u00e8 stato scelto per la sua esperienza come imprenditore e per aver creato una Rete d\u2019Imprese<\/p>\n                                                                                                                                                        <div class=\"btn-wraper\">\r\n                                    \r\n                                                                            <a href=\"https:\/\/staging.baruffaldi.eu\/it\/2014\/03\/17\/alberto-dosi-ospite-in-teleconferenza-del-master-in-management-dimpresa-presso-listao\/\" class=\"elementskit-btn  whitespace--normal\" >\r\n                                                                                    Continua                                        <\/a>\r\n                                                                    <\/div>\r\n                                                    <\/div><!-- .elementskit-post-body END -->\r\n                    <\/div>\r\n                \r\n            <\/div>\r\n\r\n            \r\n            \r\n\r\n            <div class=\"col-lg-3 col-md-6\">\r\n\r\n                                    <div class=\"elementskit-post-image-card\">\r\n                        <div class=\"elementskit-entry-header\">\r\n                                                            <a href=\"https:\/\/staging.baruffaldi.eu\/it\/2013\/09\/25\/anticipazioni-sul-k-2013-per-baruffaldi-su-macplas\/\" class=\"elementskit-entry-thumb\">\r\n                                    <img src=\"https:\/\/staging.baruffaldi.eu\/wp-content\/uploads\/2013\/09\/Macplas13-768x432.jpg\" alt=\"Anticipazioni sul K 2013 per Baruffaldi su Macplas\">\r\n                                <\/a><!-- .elementskit-entry-thumb END -->\r\n                                                            \r\n                                                    <\/div><!-- .elementskit-entry-header END -->\r\n\r\n                        <div class=\"elementskit-post-body \">\r\n                            \r\n                                                                                                                <div class=\"post-meta-list\">\r\n                                                                                                <span class=\"meta-date\">\r\n\r\n                                \r\n                                <span class=\"meta-date-text\">\r\n                                    25 Settembre 2013                                <\/span>\r\n                            <\/span>\r\n                                                                                                            <\/div>\r\n                                                                        \r\n                                        \r\n                                                                                                <h2 class=\"entry-title\">\r\n                    <a href=\"https:\/\/staging.baruffaldi.eu\/it\/2013\/09\/25\/anticipazioni-sul-k-2013-per-baruffaldi-su-macplas\/\">\r\n                            Anticipazioni sul K 2013 per Baruffaldi su Macplas                    <\/a>\r\n                <\/h2>\r\n                                                                                                                                                                                            <p>Panoramica su K 2013 su Macplas. Leggi il redazionale: si parla di noi!!!<\/p>\n                                                                                                                                                        <div class=\"btn-wraper\">\r\n                                    \r\n                                                                            <a href=\"https:\/\/staging.baruffaldi.eu\/it\/2013\/09\/25\/anticipazioni-sul-k-2013-per-baruffaldi-su-macplas\/\" class=\"elementskit-btn  whitespace--normal\" >\r\n                                                                                    Continua                                        <\/a>\r\n                                                                    <\/div>\r\n                                                    <\/div><!-- .elementskit-post-body END -->\r\n                    <\/div>\r\n                \r\n            <\/div>\r\n\r\n            \r\n            \r\n\r\n            <div class=\"col-lg-3 col-md-6\">\r\n\r\n                                    <div class=\"elementskit-post-image-card\">\r\n                        <div class=\"elementskit-entry-header\">\r\n                                                            <a href=\"https:\/\/staging.baruffaldi.eu\/it\/2013\/06\/08\/macplas-e-impiantibuilding-le-migliori-riviste-italiane-del-settore-plastico-parlano-di-noi\/\" class=\"elementskit-entry-thumb\">\r\n                                    <img src=\"https:\/\/staging.baruffaldi.eu\/wp-content\/uploads\/2013\/06\/Rivista-768x432.jpg\" alt=\"Macplas e Impianti&#038;Building\">\r\n                                <\/a><!-- .elementskit-entry-thumb END -->\r\n                                                            \r\n                                                    <\/div><!-- .elementskit-entry-header END -->\r\n\r\n                        <div class=\"elementskit-post-body \">\r\n                            \r\n                                                                                                                <div class=\"post-meta-list\">\r\n                                                                                                <span class=\"meta-date\">\r\n\r\n                                \r\n                                <span class=\"meta-date-text\">\r\n                                    8 Giugno 2013                                <\/span>\r\n                            <\/span>\r\n                                                                                                            <\/div>\r\n                                                                        \r\n                                        \r\n                                                                                                <h2 class=\"entry-title\">\r\n                    <a href=\"https:\/\/staging.baruffaldi.eu\/it\/2013\/06\/08\/macplas-e-impiantibuilding-le-migliori-riviste-italiane-del-settore-plastico-parlano-di-noi\/\">\r\n                            Macplas e Impianti&#038;Building                    <\/a>\r\n                <\/h2>\r\n                                                                                                                                                                                            <p>Macplas e Impianti&#038;Building, le migliori riviste italiane del settore plastico parlano di noi<\/p>\n                                                                                                                                                        <div class=\"btn-wraper\">\r\n                                    \r\n                                                                            <a href=\"https:\/\/staging.baruffaldi.eu\/it\/2013\/06\/08\/macplas-e-impiantibuilding-le-migliori-riviste-italiane-del-settore-plastico-parlano-di-noi\/\" class=\"elementskit-btn  whitespace--normal\" >\r\n                                                                                    Continua                                        <\/a>\r\n                                                                    <\/div>\r\n                                                    <\/div><!-- .elementskit-post-body END -->\r\n                    <\/div>\r\n                \r\n            <\/div>\r\n\r\n            \r\n            \r\n\r\n            <div class=\"col-lg-3 col-md-6\">\r\n\r\n                                    <div class=\"elementskit-post-image-card\">\r\n                        <div class=\"elementskit-entry-header\">\r\n                                                            <a href=\"https:\/\/staging.baruffaldi.eu\/it\/2012\/10\/20\/baruffaldi-plastic-technology-srl-primac-partner-extrudia\/\" class=\"elementskit-entry-thumb\">\r\n                                    <img src=\"https:\/\/staging.baruffaldi.eu\/wp-content\/uploads\/2012\/10\/Extrudia-768x432.jpg\" alt=\"Baruffaldi Plastic Technology Srl \u2013 Primac partner Extrudia\">\r\n                                <\/a><!-- .elementskit-entry-thumb END -->\r\n                                                            \r\n                                                    <\/div><!-- .elementskit-entry-header END -->\r\n\r\n                        <div class=\"elementskit-post-body \">\r\n                            \r\n                                                                                                                <div class=\"post-meta-list\">\r\n                                                                                                <span class=\"meta-date\">\r\n\r\n                                \r\n                                <span class=\"meta-date-text\">\r\n                                    20 Ottobre 2012                                <\/span>\r\n                            <\/span>\r\n                                                                                                            <\/div>\r\n                                                                        \r\n                                        \r\n                                                                                                <h2 class=\"entry-title\">\r\n                    <a href=\"https:\/\/staging.baruffaldi.eu\/it\/2012\/10\/20\/baruffaldi-plastic-technology-srl-primac-partner-extrudia\/\">\r\n                            Baruffaldi Plastic Technology Srl \u2013 Primac partner Extrudia                    <\/a>\r\n                <\/h2>\r\n                                                                                                                                                                                            <p>Baruffaldi Plastic Technology-Primac \u00e8 entrata recentemente a far parte della community di aziende leader nell\u2019industria dell\u2019estrusione plastica Extrudia<\/p>\n                                                                                                                                                        <div class=\"btn-wraper\">\r\n                                    \r\n                                                                            <a href=\"https:\/\/staging.baruffaldi.eu\/it\/2012\/10\/20\/baruffaldi-plastic-technology-srl-primac-partner-extrudia\/\" class=\"elementskit-btn  whitespace--normal\" >\r\n                                                                                    Continua                                        <\/a>\r\n                                                                    <\/div>\r\n                                                    <\/div><!-- .elementskit-post-body END -->\r\n                    <\/div>\r\n                \r\n            <\/div>\r\n\r\n            \r\n            \r\n\r\n            <div class=\"col-lg-3 col-md-6\">\r\n\r\n                                    <div class=\"elementskit-post-image-card\">\r\n                        <div class=\"elementskit-entry-header\">\r\n                                                            <a href=\"https:\/\/staging.baruffaldi.eu\/it\/2012\/10\/12\/baruffaldi-allrt-2012-a-mosca\/\" class=\"elementskit-entry-thumb\">\r\n                                    <img src=\"https:\/\/staging.baruffaldi.eu\/wp-content\/uploads\/2012\/10\/RT2012Mosca-768x432.jpg\" alt=\"Baruffaldi all\u2019R+T 2012 a Mosca\">\r\n                                <\/a><!-- .elementskit-entry-thumb END -->\r\n                                                            \r\n                                                    <\/div><!-- .elementskit-entry-header END -->\r\n\r\n                        <div class=\"elementskit-post-body \">\r\n                            \r\n                                                                                                                <div class=\"post-meta-list\">\r\n                                                                                                <span class=\"meta-date\">\r\n\r\n                                \r\n                                <span class=\"meta-date-text\">\r\n                                    12 Ottobre 2012                                <\/span>\r\n                            <\/span>\r\n                                                                                                            <\/div>\r\n                                                                        \r\n                                        \r\n                                                                                                <h2 class=\"entry-title\">\r\n                    <a href=\"https:\/\/staging.baruffaldi.eu\/it\/2012\/10\/12\/baruffaldi-allrt-2012-a-mosca\/\">\r\n                            Baruffaldi all\u2019R+T 2012 a Mosca                    <\/a>\r\n                <\/h2>\r\n                                                                                                                                                                                            <p>Baruffaldi Plastic Technology alla R+T 2012 di Mosca, prima edizione russa della fiera internazionale R+T di Stoccarda per avvolgibili, porte\/portoni e protezione contro il sole<\/p>\n                                                                                                                                                        <div class=\"btn-wraper\">\r\n                                    \r\n                                                                            <a href=\"https:\/\/staging.baruffaldi.eu\/it\/2012\/10\/12\/baruffaldi-allrt-2012-a-mosca\/\" class=\"elementskit-btn  whitespace--normal\" >\r\n                                                                                    Continua                                        <\/a>\r\n                                                                    <\/div>\r\n                                                    <\/div><!-- .elementskit-post-body END -->\r\n                    <\/div>\r\n                \r\n            <\/div>\r\n\r\n            \r\n            \r\n\r\n            <div class=\"col-lg-3 col-md-6\">\r\n\r\n                                    <div class=\"elementskit-post-image-card\">\r\n                        <div class=\"elementskit-entry-header\">\r\n                                                            <a href=\"https:\/\/staging.baruffaldi.eu\/it\/2012\/10\/08\/excelsa-2012-confindustria-ravenna-awards-a-dosi-baruffaldi-primac\/\" class=\"elementskit-entry-thumb\">\r\n                                    <img src=\"https:\/\/staging.baruffaldi.eu\/wp-content\/uploads\/2012\/10\/Excelsa12-768x432.jpg\" alt=\"EXCELSA 2012 \u2013 Confindustria Ravenna Awards- a Dosi Baruffaldi Primac\">\r\n                                <\/a><!-- .elementskit-entry-thumb END -->\r\n                                                            \r\n                                                    <\/div><!-- .elementskit-entry-header END -->\r\n\r\n                        <div class=\"elementskit-post-body \">\r\n                            \r\n                                                                                                                <div class=\"post-meta-list\">\r\n                                                                                                <span class=\"meta-date\">\r\n\r\n                                \r\n                                <span class=\"meta-date-text\">\r\n                                    8 Ottobre 2012                                <\/span>\r\n                            <\/span>\r\n                                                                                                            <\/div>\r\n                                                                        \r\n                                        \r\n                                                                                                <h2 class=\"entry-title\">\r\n                    <a href=\"https:\/\/staging.baruffaldi.eu\/it\/2012\/10\/08\/excelsa-2012-confindustria-ravenna-awards-a-dosi-baruffaldi-primac\/\">\r\n                            EXCELSA 2012 \u2013 Confindustria Ravenna Awards- a Dosi Baruffaldi Primac                    <\/a>\r\n                <\/h2>\r\n                                                                                                                                                                                            <p>Alla Dosi Costruzioni Meccaniche, societ\u00e0 del gruppo Baruffaldi Plastic Technology e Primac, \u00e8 stato assegnato il prestigioso riconoscimento \u201cExcelsa 2012\u201d<\/p>\n                                                                                                                                                        <div class=\"btn-wraper\">\r\n                                    \r\n                                                                            <a href=\"https:\/\/staging.baruffaldi.eu\/it\/2012\/10\/08\/excelsa-2012-confindustria-ravenna-awards-a-dosi-baruffaldi-primac\/\" class=\"elementskit-btn  whitespace--normal\" >\r\n                                                                                    Continua                                        <\/a>\r\n                                                                    <\/div>\r\n                                                    <\/div><!-- .elementskit-post-body END -->\r\n                    <\/div>\r\n                \r\n            <\/div>\r\n\r\n            \r\n            \r\n\r\n            <div class=\"col-lg-3 col-md-6\">\r\n\r\n                                    <div class=\"elementskit-post-image-card\">\r\n                        <div class=\"elementskit-entry-header\">\r\n                                                            <a href=\"https:\/\/staging.baruffaldi.eu\/it\/2012\/09\/08\/si-parla-di-noi-sulla-rivista-impianti-building\/\" class=\"elementskit-entry-thumb\">\r\n                                    <img src=\"https:\/\/staging.baruffaldi.eu\/wp-content\/uploads\/2012\/09\/Baruffaldi-768x432.jpg\" alt=\"Si parla di noi sulla rivista Impianti Building\">\r\n                                <\/a><!-- .elementskit-entry-thumb END -->\r\n                                                            \r\n                                                    <\/div><!-- .elementskit-entry-header END -->\r\n\r\n                        <div class=\"elementskit-post-body \">\r\n                            \r\n                                                                                                                <div class=\"post-meta-list\">\r\n                                                                                                <span class=\"meta-date\">\r\n\r\n                                \r\n                                <span class=\"meta-date-text\">\r\n                                    8 Settembre 2012                                <\/span>\r\n                            <\/span>\r\n                                                                                                            <\/div>\r\n                                                                        \r\n                                        \r\n                                                                                                <h2 class=\"entry-title\">\r\n                    <a href=\"https:\/\/staging.baruffaldi.eu\/it\/2012\/09\/08\/si-parla-di-noi-sulla-rivista-impianti-building\/\">\r\n                            Si parla di noi sulla rivista Impianti Building                    <\/a>\r\n                <\/h2>\r\n                                                                                                                                                                                            <p>Lo scorso gennaio il gruppo Dosi tramite Baruffaldi Plastic Technology di Ferrara ha perfezionato l\u2019acquisizione di Primac di Fusignano di Ravenna<\/p>\n                                                                                                                                                        <div class=\"btn-wraper\">\r\n                                    \r\n                                                                            <a href=\"https:\/\/staging.baruffaldi.eu\/it\/2012\/09\/08\/si-parla-di-noi-sulla-rivista-impianti-building\/\" class=\"elementskit-btn  whitespace--normal\" >\r\n                                                                                    Continua                                        <\/a>\r\n                                                                    <\/div>\r\n                                                    <\/div><!-- .elementskit-post-body END -->\r\n                    <\/div>\r\n                \r\n            <\/div>\r\n\r\n            \r\n            \r\n\r\n            <div class=\"col-lg-3 col-md-6\">\r\n\r\n                                    <div class=\"elementskit-post-image-card\">\r\n                        <div class=\"elementskit-entry-header\">\r\n                                                            <a href=\"https:\/\/staging.baruffaldi.eu\/it\/2012\/05\/08\/successful-solutions-for-growing-together-al-plast-2012\/\" class=\"elementskit-entry-thumb\">\r\n                                    <img src=\"https:\/\/staging.baruffaldi.eu\/wp-content\/uploads\/2012\/05\/Plast-2012-768x432.jpg\" alt=\"\u201cSuccessful Solutions for Growing Together\u201d al Plast 2012\">\r\n                                <\/a><!-- .elementskit-entry-thumb END -->\r\n                                                            \r\n                                                    <\/div><!-- .elementskit-entry-header END -->\r\n\r\n                        <div class=\"elementskit-post-body \">\r\n                            \r\n                                                                                                                <div class=\"post-meta-list\">\r\n                                                                                                <span class=\"meta-date\">\r\n\r\n                                \r\n                                <span class=\"meta-date-text\">\r\n                                    8 Maggio 2012                                <\/span>\r\n                            <\/span>\r\n                                                                                                            <\/div>\r\n                                                                        \r\n                                        \r\n                                                                                                <h2 class=\"entry-title\">\r\n                    <a href=\"https:\/\/staging.baruffaldi.eu\/it\/2012\/05\/08\/successful-solutions-for-growing-together-al-plast-2012\/\">\r\n                            \u201cSuccessful Solutions for Growing Together\u201d al Plast 2012                    <\/a>\r\n                <\/h2>\r\n                                                                                                                                                                                            <p>Successful Solutions for Growing Toghether \u00e8 lo slogan scelto dalla Baruffaldi per esprimere al meglio la strategia aziendale per la partecipazione al Plast di Milano.<\/p>\n                                                                                                                                                        <div class=\"btn-wraper\">\r\n                                    \r\n                                                                            <a href=\"https:\/\/staging.baruffaldi.eu\/it\/2012\/05\/08\/successful-solutions-for-growing-together-al-plast-2012\/\" class=\"elementskit-btn  whitespace--normal\" >\r\n                                                                                    Continua                                        <\/a>\r\n                                                                    <\/div>\r\n                                                    <\/div><!-- .elementskit-post-body END -->\r\n                    <\/div>\r\n                \r\n            <\/div>\r\n\r\n            \r\n            \r\n\r\n            <div class=\"col-lg-3 col-md-6\">\r\n\r\n                                    <div class=\"elementskit-post-image-card\">\r\n                        <div class=\"elementskit-entry-header\">\r\n                                                            <a href=\"https:\/\/staging.baruffaldi.eu\/it\/2012\/04\/08\/opportunita-di-business-da-tutto-il-mondo-allnpe-di-orlando\/\" class=\"elementskit-entry-thumb\">\r\n                                    <img src=\"https:\/\/staging.baruffaldi.eu\/wp-content\/uploads\/2009\/08\/NuovoSito-768x432.jpg\" alt=\"Opportunit\u00e0 di business da tutto il mondo all\u2019NPE di Orlando\">\r\n                                <\/a><!-- .elementskit-entry-thumb END -->\r\n                                                            \r\n                                                    <\/div><!-- .elementskit-entry-header END -->\r\n\r\n                        <div class=\"elementskit-post-body \">\r\n                            \r\n                                                                                                                <div class=\"post-meta-list\">\r\n                                                                                                <span class=\"meta-date\">\r\n\r\n                                \r\n                                <span class=\"meta-date-text\">\r\n                                    8 Aprile 2012                                <\/span>\r\n                            <\/span>\r\n                                                                                                            <\/div>\r\n                                                                        \r\n                                        \r\n                                                                                                <h2 class=\"entry-title\">\r\n                    <a href=\"https:\/\/staging.baruffaldi.eu\/it\/2012\/04\/08\/opportunita-di-business-da-tutto-il-mondo-allnpe-di-orlando\/\">\r\n                            Opportunit\u00e0 di business da tutto il mondo all\u2019NPE di Orlando                    <\/a>\r\n                <\/h2>\r\n                                                                                                                                                                                            <p>In risposta all\u2019aumento di richieste  provenienti dal mercato Nord Americano, la Baruffaldi Plastic Technology, ha colto l\u2019occasione di partecipare alla triennale National Plastics Exhibition<\/p>\n                                                                                                                                                        <div class=\"btn-wraper\">\r\n                                    \r\n                                                                            <a href=\"https:\/\/staging.baruffaldi.eu\/it\/2012\/04\/08\/opportunita-di-business-da-tutto-il-mondo-allnpe-di-orlando\/\" class=\"elementskit-btn  whitespace--normal\" >\r\n                                                                                    Continua                                        <\/a>\r\n                                                                    <\/div>\r\n                                                    <\/div><!-- .elementskit-post-body END -->\r\n                    <\/div>\r\n                \r\n            <\/div>\r\n\r\n            \r\n            \r\n\r\n            <div class=\"col-lg-3 col-md-6\">\r\n\r\n                                    <div class=\"elementskit-post-image-card\">\r\n                        <div class=\"elementskit-entry-header\">\r\n                                                            <a href=\"https:\/\/staging.baruffaldi.eu\/it\/2012\/04\/08\/baruffaldi-grow-your-roller-shutter-business-on-stuttgard-messe-rt\/\" class=\"elementskit-entry-thumb\">\r\n                                    <img src=\"https:\/\/staging.baruffaldi.eu\/wp-content\/uploads\/2012\/04\/RT12-768x432.jpg\" alt=\"Baruffaldi grow your roller shutter business on Stuttgard Messe R+T!!!\">\r\n                                <\/a><!-- .elementskit-entry-thumb END -->\r\n                                                            \r\n                                                    <\/div><!-- .elementskit-entry-header END -->\r\n\r\n                        <div class=\"elementskit-post-body \">\r\n                            \r\n                                                                                                                <div class=\"post-meta-list\">\r\n                                                                                                <span class=\"meta-date\">\r\n\r\n                                \r\n                                <span class=\"meta-date-text\">\r\n                                    8 Aprile 2012                                <\/span>\r\n                            <\/span>\r\n                                                                                                            <\/div>\r\n                                                                        \r\n                                        \r\n                                                                                                <h2 class=\"entry-title\">\r\n                    <a href=\"https:\/\/staging.baruffaldi.eu\/it\/2012\/04\/08\/baruffaldi-grow-your-roller-shutter-business-on-stuttgard-messe-rt\/\">\r\n                            Baruffaldi grow your roller shutter business on Stuttgard Messe R+T!!!                    <\/a>\r\n                <\/h2>\r\n                                                                                                                                                                                            <p>La partecipazione all\u2019 R+T di Stoccarda che si \u00e8 appena conclusa, fiera internazionale triennale per il settore degli avvolgibili, si \u00e8 rilevata molto interessante per la Baruffaldi<\/p>\n                                                                                                                                                        <div class=\"btn-wraper\">\r\n                                    \r\n                                                                            <a href=\"https:\/\/staging.baruffaldi.eu\/it\/2012\/04\/08\/baruffaldi-grow-your-roller-shutter-business-on-stuttgard-messe-rt\/\" class=\"elementskit-btn  whitespace--normal\" >\r\n                                                                                    Continua                                        <\/a>\r\n                                                                    <\/div>\r\n                                                    <\/div><!-- .elementskit-post-body END -->\r\n                    <\/div>\r\n                \r\n            <\/div>\r\n\r\n            \r\n            \r\n\r\n            <div class=\"col-lg-3 col-md-6\">\r\n\r\n                                    <div class=\"elementskit-post-image-card\">\r\n                        <div class=\"elementskit-entry-header\">\r\n                                                            <a href=\"https:\/\/staging.baruffaldi.eu\/it\/2012\/02\/08\/grandi-novita-sulle-linee-di-prodotto-baruffaldi-primac\/\" class=\"elementskit-entry-thumb\">\r\n                                    <img src=\"https:\/\/staging.baruffaldi.eu\/wp-content\/uploads\/2012\/02\/Plast-2012Logo-768x432.jpg\" alt=\"Grandi novit\u00e0 sulle linee di prodotto Baruffaldi: PRIMAC!\">\r\n                                <\/a><!-- .elementskit-entry-thumb END -->\r\n                                                            \r\n                                                    <\/div><!-- .elementskit-entry-header END -->\r\n\r\n                        <div class=\"elementskit-post-body \">\r\n                            \r\n                                                                                                                <div class=\"post-meta-list\">\r\n                                                                                                <span class=\"meta-date\">\r\n\r\n                                \r\n                                <span class=\"meta-date-text\">\r\n                                    8 Febbraio 2012                                <\/span>\r\n                            <\/span>\r\n                                                                                                            <\/div>\r\n                                                                        \r\n                                        \r\n                                                                                                <h2 class=\"entry-title\">\r\n                    <a href=\"https:\/\/staging.baruffaldi.eu\/it\/2012\/02\/08\/grandi-novita-sulle-linee-di-prodotto-baruffaldi-primac\/\">\r\n                            Grandi novit\u00e0 sulle linee di prodotto Baruffaldi: PRIMAC!                    <\/a>\r\n                <\/h2>\r\n                                                                                                                                                                                            <p>La Baruffaldi Plastic Technology Srl, ha acquisito la PRIMAC Snc, azienda fondata nel 1985 dal  Sig. Vittorio Baroni, specializzata nella progettazione e realizzazione<\/p>\n                                                                                                                                                        <div class=\"btn-wraper\">\r\n                                    \r\n                                                                            <a href=\"https:\/\/staging.baruffaldi.eu\/it\/2012\/02\/08\/grandi-novita-sulle-linee-di-prodotto-baruffaldi-primac\/\" class=\"elementskit-btn  whitespace--normal\" >\r\n                                                                                    Continua                                        <\/a>\r\n                                                                    <\/div>\r\n                                                    <\/div><!-- .elementskit-post-body END -->\r\n                    <\/div>\r\n                \r\n            <\/div>\r\n\r\n            \r\n            \r\n\r\n            <div class=\"col-lg-3 col-md-6\">\r\n\r\n                                    <div class=\"elementskit-post-image-card\">\r\n                        <div class=\"elementskit-entry-header\">\r\n                                                            <a href=\"https:\/\/staging.baruffaldi.eu\/it\/2012\/02\/08\/la-tecnologia-baruffaldi-migliora-ancora-su-tre-nuove-macchine\/\" class=\"elementskit-entry-thumb\">\r\n                                    <img src=\"https:\/\/staging.baruffaldi.eu\/wp-content\/uploads\/2012\/02\/NewMachines-768x432.jpg\" alt=\"La tecnologia Baruffaldi migliora ancora su tre nuove macchine\">\r\n                                <\/a><!-- .elementskit-entry-thumb END -->\r\n                                                            \r\n                                                    <\/div><!-- .elementskit-entry-header END -->\r\n\r\n                        <div class=\"elementskit-post-body \">\r\n                            \r\n                                                                                                                <div class=\"post-meta-list\">\r\n                                                                                                <span class=\"meta-date\">\r\n\r\n                                \r\n                                <span class=\"meta-date-text\">\r\n                                    8 Febbraio 2012                                <\/span>\r\n                            <\/span>\r\n                                                                                                            <\/div>\r\n                                                                        \r\n                                        \r\n                                                                                                <h2 class=\"entry-title\">\r\n                    <a href=\"https:\/\/staging.baruffaldi.eu\/it\/2012\/02\/08\/la-tecnologia-baruffaldi-migliora-ancora-su-tre-nuove-macchine\/\">\r\n                            La tecnologia Baruffaldi migliora ancora su tre nuove macchine                    <\/a>\r\n                <\/h2>\r\n                                                                                                                                                                                            <p>La tecnologia Baruffaldi migliora e si rinnova continuamente con la realizzazione di tre nuove macchine che vanno ad ampliare la gamma delle unit\u00e0 di taglio <\/p>\n                                                                                                                                                        <div class=\"btn-wraper\">\r\n                                    \r\n                                                                            <a href=\"https:\/\/staging.baruffaldi.eu\/it\/2012\/02\/08\/la-tecnologia-baruffaldi-migliora-ancora-su-tre-nuove-macchine\/\" class=\"elementskit-btn  whitespace--normal\" >\r\n                                                                                    Continua                                        <\/a>\r\n                                                                    <\/div>\r\n                                                    <\/div><!-- .elementskit-post-body END -->\r\n                    <\/div>\r\n                \r\n            <\/div>\r\n\r\n            \r\n            \r\n\r\n            <div class=\"col-lg-3 col-md-6\">\r\n\r\n                                    <div class=\"elementskit-post-image-card\">\r\n                        <div class=\"elementskit-entry-header\">\r\n                                                            <a href=\"https:\/\/staging.baruffaldi.eu\/it\/2011\/12\/08\/pmi-day-industriamoci\/\" class=\"elementskit-entry-thumb\">\r\n                                    <img src=\"https:\/\/staging.baruffaldi.eu\/wp-content\/uploads\/2011\/12\/Industriamoci-768x432.jpg\" alt=\"PMI DAY \u2013 INDUSTRIAMOCI\">\r\n                                <\/a><!-- .elementskit-entry-thumb END -->\r\n                                                            \r\n                                                    <\/div><!-- .elementskit-entry-header END -->\r\n\r\n                        <div class=\"elementskit-post-body \">\r\n                            \r\n                                                                                                                <div class=\"post-meta-list\">\r\n                                                                                                <span class=\"meta-date\">\r\n\r\n                                \r\n                                <span class=\"meta-date-text\">\r\n                                    8 Dicembre 2011                                <\/span>\r\n                            <\/span>\r\n                                                                                                            <\/div>\r\n                                                                        \r\n                                        \r\n                                                                                                <h2 class=\"entry-title\">\r\n                    <a href=\"https:\/\/staging.baruffaldi.eu\/it\/2011\/12\/08\/pmi-day-industriamoci\/\">\r\n                            PMI DAY \u2013 INDUSTRIAMOCI                    <\/a>\r\n                <\/h2>\r\n                                                                                                                                                                                            <p>Il 25 novembre la Baruffaldi ha aderito al PMI DAY \u2013 INDUSTRIAMOCI, organizzato da Unindustria Ferrara. L\u2019iniziativa, vede collegarsi il mondo della scuola e delle Istituzioni, al mondo del lavoro<\/p>\n                                                                                                                                                        <div class=\"btn-wraper\">\r\n                                    \r\n                                                                            <a href=\"https:\/\/staging.baruffaldi.eu\/it\/2011\/12\/08\/pmi-day-industriamoci\/\" class=\"elementskit-btn  whitespace--normal\" >\r\n                                                                                    Continua                                        <\/a>\r\n                                                                    <\/div>\r\n                                                    <\/div><!-- .elementskit-post-body END -->\r\n                    <\/div>\r\n                \r\n            <\/div>\r\n\r\n            \r\n            \r\n\r\n            <div class=\"col-lg-3 col-md-6\">\r\n\r\n                                    <div class=\"elementskit-post-image-card\">\r\n                        <div class=\"elementskit-entry-header\">\r\n                                                            <a href=\"https:\/\/staging.baruffaldi.eu\/it\/2011\/10\/08\/baruffaldi-tecnologia-leader-in-80-paesi-larticolo-di-ferrara-industria\/\" class=\"elementskit-entry-thumb\">\r\n                                    <img src=\"https:\/\/staging.baruffaldi.eu\/wp-content\/uploads\/2011\/10\/Ferrara-768x432.jpg\" alt=\"\u201cBaruffaldi \u2013 Tecnologia leader in 80 Paesi\u201d: l\u2019articolo di Ferrara Industria\">\r\n                                <\/a><!-- .elementskit-entry-thumb END -->\r\n                                                            \r\n                                                    <\/div><!-- .elementskit-entry-header END -->\r\n\r\n                        <div class=\"elementskit-post-body \">\r\n                            \r\n                                                                                                                <div class=\"post-meta-list\">\r\n                                                                                                <span class=\"meta-date\">\r\n\r\n                                \r\n                                <span class=\"meta-date-text\">\r\n                                    8 Ottobre 2011                                <\/span>\r\n                            <\/span>\r\n                                                                                                            <\/div>\r\n                                                                        \r\n                                        \r\n                                                                                                <h2 class=\"entry-title\">\r\n                    <a href=\"https:\/\/staging.baruffaldi.eu\/it\/2011\/10\/08\/baruffaldi-tecnologia-leader-in-80-paesi-larticolo-di-ferrara-industria\/\">\r\n                            \u201cBaruffaldi \u2013 Tecnologia leader in 80 Paesi\u201d: l\u2019articolo di Ferrara Industria                    <\/a>\r\n                <\/h2>\r\n                                                                                                                                                                                            <p>\u00abFerrara Industria\u00bb, il periodico di Unindustria Ferrara, ha dedicato un articolo a Baruffaldi dal titolo \u201cBaruffaldi \u2013 Tecnologia leader in 80 Paesi\u201d<\/p>\n                                                                                                                                                        <div class=\"btn-wraper\">\r\n                                    \r\n                                                                            <a href=\"https:\/\/staging.baruffaldi.eu\/it\/2011\/10\/08\/baruffaldi-tecnologia-leader-in-80-paesi-larticolo-di-ferrara-industria\/\" class=\"elementskit-btn  whitespace--normal\" >\r\n                                                                                    Continua                                        <\/a>\r\n                                                                    <\/div>\r\n                                                    <\/div><!-- .elementskit-post-body END -->\r\n                    <\/div>\r\n                \r\n            <\/div>\r\n\r\n            \r\n            \r\n\r\n            <div class=\"col-lg-3 col-md-6\">\r\n\r\n                                    <div class=\"elementskit-post-image-card\">\r\n                        <div class=\"elementskit-entry-header\">\r\n                                                            <a href=\"https:\/\/staging.baruffaldi.eu\/it\/2011\/09\/08\/grande-successo-del-primo-baruffaldi-on-site-exhibition\/\" class=\"elementskit-entry-thumb\">\r\n                                    <img src=\"https:\/\/staging.baruffaldi.eu\/wp-content\/uploads\/2011\/09\/On-SiteExhibition-768x432.jpg\" alt=\"Grande successo del primo Baruffaldi On-Site Exhibition!\">\r\n                                <\/a><!-- .elementskit-entry-thumb END -->\r\n                                                            \r\n                                                    <\/div><!-- .elementskit-entry-header END -->\r\n\r\n                        <div class=\"elementskit-post-body \">\r\n                            \r\n                                                                                                                <div class=\"post-meta-list\">\r\n                                                                                                <span class=\"meta-date\">\r\n\r\n                                \r\n                                <span class=\"meta-date-text\">\r\n                                    8 Settembre 2011                                <\/span>\r\n                            <\/span>\r\n                                                                                                            <\/div>\r\n                                                                        \r\n                                        \r\n                                                                                                <h2 class=\"entry-title\">\r\n                    <a href=\"https:\/\/staging.baruffaldi.eu\/it\/2011\/09\/08\/grande-successo-del-primo-baruffaldi-on-site-exhibition\/\">\r\n                            Grande successo del primo Baruffaldi On-Site Exhibition!                    <\/a>\r\n                <\/h2>\r\n                                                                                                                                                                                            <p>A tre anni dall\u2019acquisizione aziendale, si \u00e8 potuto testare concretamente la riaffermazione del marchio Baruffaldi come leader mondiale <\/p>\n                                                                                                                                                        <div class=\"btn-wraper\">\r\n                                    \r\n                                                                            <a href=\"https:\/\/staging.baruffaldi.eu\/it\/2011\/09\/08\/grande-successo-del-primo-baruffaldi-on-site-exhibition\/\" class=\"elementskit-btn  whitespace--normal\" >\r\n                                                                                    Continua                                        <\/a>\r\n                                                                    <\/div>\r\n                                                    <\/div><!-- .elementskit-post-body END -->\r\n                    <\/div>\r\n                \r\n            <\/div>\r\n\r\n            \r\n            \r\n\r\n            <div class=\"col-lg-3 col-md-6\">\r\n\r\n                                    <div class=\"elementskit-post-image-card\">\r\n                        <div class=\"elementskit-entry-header\">\r\n                                                            <a href=\"https:\/\/staging.baruffaldi.eu\/it\/2011\/05\/08\/baruffaldi-protagonista-al-brasiplast\/\" class=\"elementskit-entry-thumb\">\r\n                                    <img src=\"https:\/\/staging.baruffaldi.eu\/wp-content\/uploads\/2021\/07\/Brasiplast-768x432.jpg\" alt=\"Baruffaldi protagonista al Brasiplast\">\r\n                                <\/a><!-- .elementskit-entry-thumb END -->\r\n                                                            \r\n                                                    <\/div><!-- .elementskit-entry-header END -->\r\n\r\n                        <div class=\"elementskit-post-body \">\r\n                            \r\n                                                                                                                <div class=\"post-meta-list\">\r\n                                                                                                <span class=\"meta-date\">\r\n\r\n                                \r\n                                <span class=\"meta-date-text\">\r\n                                    8 Maggio 2011                                <\/span>\r\n                            <\/span>\r\n                                                                                                            <\/div>\r\n                                                                        \r\n                                        \r\n                                                                                                <h2 class=\"entry-title\">\r\n                    <a href=\"https:\/\/staging.baruffaldi.eu\/it\/2011\/05\/08\/baruffaldi-protagonista-al-brasiplast\/\">\r\n                            Baruffaldi protagonista al Brasiplast                    <\/a>\r\n                <\/h2>\r\n                                                                                                                                                                                            <p>La partecipazione Baruffaldi al Brasilplast 2011 con la collettiva italiana si \u00e8 svolta all\u2019insegna del successo, grazie all\u2019accoglienza strepitosa percepita in Brasile<\/p>\n                                                                                                                                                        <div class=\"btn-wraper\">\r\n                                    \r\n                                                                            <a href=\"https:\/\/staging.baruffaldi.eu\/it\/2011\/05\/08\/baruffaldi-protagonista-al-brasiplast\/\" class=\"elementskit-btn  whitespace--normal\" >\r\n                                                                                    Continua                                        <\/a>\r\n                                                                    <\/div>\r\n                                                    <\/div><!-- .elementskit-post-body END -->\r\n                    <\/div>\r\n                \r\n            <\/div>\r\n\r\n            \r\n            \r\n\r\n            <div class=\"col-lg-3 col-md-6\">\r\n\r\n                                    <div class=\"elementskit-post-image-card\">\r\n                        <div class=\"elementskit-entry-header\">\r\n                                                            <a href=\"https:\/\/staging.baruffaldi.eu\/it\/2010\/07\/08\/bcc-ravennate-e-imolese-baruffaldi-testimonial-di-rilievo-nel-video-di-presentazione-del-bilancio-2009\/\" class=\"elementskit-entry-thumb\">\r\n                                    <img src=\"https:\/\/staging.baruffaldi.eu\/wp-content\/uploads\/2010\/07\/BCC-768x432.jpg\" alt=\"BCC Ravennate e Imolese: Baruffaldi testimonial di rilievo nel video di presentazione del Bilancio 2009\">\r\n                                <\/a><!-- .elementskit-entry-thumb END -->\r\n                                                            \r\n                                                    <\/div><!-- .elementskit-entry-header END -->\r\n\r\n                        <div class=\"elementskit-post-body \">\r\n                            \r\n                                                                                                                <div class=\"post-meta-list\">\r\n                                                                                                <span class=\"meta-date\">\r\n\r\n                                \r\n                                <span class=\"meta-date-text\">\r\n                                    8 Luglio 2010                                <\/span>\r\n                            <\/span>\r\n                                                                                                            <\/div>\r\n                                                                        \r\n                                        \r\n                                                                                                <h2 class=\"entry-title\">\r\n                    <a href=\"https:\/\/staging.baruffaldi.eu\/it\/2010\/07\/08\/bcc-ravennate-e-imolese-baruffaldi-testimonial-di-rilievo-nel-video-di-presentazione-del-bilancio-2009\/\">\r\n                            BCC Ravennate e Imolese: Baruffaldi testimonial di rilievo nel video di presentazione del Bilancio 2009                    <\/a>\r\n                <\/h2>\r\n                                                                                                                                                                                            <p>Alberto Dosi, Amministratore Baruffaldi Plastic Technology Srl e Dosi Srl, \u00e8 stato intervistato dalla BCC \u2013 Banca di Credito Cooperativo Ravennate e Imolese<\/p>\n                                                                                                                                                        <div class=\"btn-wraper\">\r\n                                    \r\n                                                                            <a href=\"https:\/\/staging.baruffaldi.eu\/it\/2010\/07\/08\/bcc-ravennate-e-imolese-baruffaldi-testimonial-di-rilievo-nel-video-di-presentazione-del-bilancio-2009\/\" class=\"elementskit-btn  whitespace--normal\" >\r\n                                                                                    Continua                                        <\/a>\r\n                                                                    <\/div>\r\n                                                    <\/div><!-- .elementskit-post-body END -->\r\n                    <\/div>\r\n                \r\n            <\/div>\r\n\r\n            \r\n            \r\n\r\n            <div class=\"col-lg-3 col-md-6\">\r\n\r\n                                    <div class=\"elementskit-post-image-card\">\r\n                        <div class=\"elementskit-entry-header\">\r\n                                                            <a href=\"https:\/\/staging.baruffaldi.eu\/it\/2009\/03\/08\/online-il-nuovo-sito-di-baruffaldi-plastic-technology\/\" class=\"elementskit-entry-thumb\">\r\n                                    <img src=\"https:\/\/staging.baruffaldi.eu\/wp-content\/uploads\/2009\/08\/NuovoSito-768x432.jpg\" alt=\"Online il nuovo sito di Baruffaldi Plastic Technology\">\r\n                                <\/a><!-- .elementskit-entry-thumb END -->\r\n                                                            \r\n                                                    <\/div><!-- .elementskit-entry-header END -->\r\n\r\n                        <div class=\"elementskit-post-body \">\r\n                            \r\n                                                                                                                <div class=\"post-meta-list\">\r\n                                                                                                <span class=\"meta-date\">\r\n\r\n                                \r\n                                <span class=\"meta-date-text\">\r\n                                    8 Marzo 2009                                <\/span>\r\n                            <\/span>\r\n                                                                                                            <\/div>\r\n                                                                        \r\n                                        \r\n                                                                                                <h2 class=\"entry-title\">\r\n                    <a href=\"https:\/\/staging.baruffaldi.eu\/it\/2009\/03\/08\/online-il-nuovo-sito-di-baruffaldi-plastic-technology\/\">\r\n                            Online il nuovo sito di Baruffaldi Plastic Technology                    <\/a>\r\n                <\/h2>\r\n                                                                                                                                                                                            <p>Oggi \u00e8 online il nuovo sito di Baruffaldi Plastic Technology. Tra le principali novit\u00e0, una nuova veste grafica che rende il sito ancora pi\u00f9 semplice da navigare<\/p>\n                                                                                                                                                        <div class=\"btn-wraper\">\r\n                                    \r\n                                                                            <a href=\"https:\/\/staging.baruffaldi.eu\/it\/2009\/03\/08\/online-il-nuovo-sito-di-baruffaldi-plastic-technology\/\" class=\"elementskit-btn  whitespace--normal\" >\r\n                                                                                    Continua                                        <\/a>\r\n                                                                    <\/div>\r\n                                                    <\/div><!-- .elementskit-post-body END -->\r\n                    <\/div>\r\n                \r\n            <\/div>\r\n\r\n                    <\/div>\r\n        \r\n        \r\n        <\/div>\t\t<\/div>\n\t\t\t\t<\/div>\n\t\t\t\t\t<\/div>\n\t\t<\/div>\n\t\t\t\t\t\t\t<\/div>\n\t\t<\/section>\n\t\t\t\t\t\t<\/div>\n\t\t\t\t\t<\/div>\n\t\t","protected":false},"excerpt":{"rendered":"<p>News 2 Marzo 2021 Baruffaldi \u2013 Primac rinnova i suoi loghi! Baruffaldi \u2013 Primac non si \u00e8 fermata neanche con la pandemia, anzi ha lanciato i suoi nuovi loghi per evolversi e per rinnovare la sua immagine aggiornandola, in linea con le sue macchine di ultima generazione Continua 18 Febbraio 2021 Upgrade delle macchine Baruffaldi [&hellip;]<\/p>\n","protected":false},"author":1,"featured_media":0,"parent":0,"menu_order":0,"comment_status":"closed","ping_status":"closed","template":"elementor_header_footer","meta":[],"yoast_head":"<!-- This site is optimized with the Yoast SEO plugin v17.3 - https:\/\/yoast.com\/wordpress\/plugins\/seo\/ -->\n<title>News - Baruffaldi<\/title>\n<meta name=\"description\" content=\"Leggi le ultime notizie sulla nostra azienda, sulle nostre iniziative e sui nostri prodotti.\" \/>\n<meta name=\"robots\" content=\"index, follow, max-snippet:-1, max-image-preview:large, max-video-preview:-1\" \/>\n<link rel=\"canonical\" href=\"https:\/\/staging.baruffaldi.eu\/it\/news\/\" \/>\n<meta property=\"og:locale\" content=\"it_IT\" \/>\n<meta property=\"og:type\" content=\"article\" \/>\n<meta property=\"og:title\" content=\"News - Baruffaldi\" \/>\n<meta property=\"og:description\" content=\"Leggi le ultime notizie sulla nostra azienda, sulle nostre iniziative e sui nostri prodotti.\" \/>\n<meta property=\"og:url\" content=\"https:\/\/staging.baruffaldi.eu\/it\/news\/\" \/>\n<meta property=\"og:site_name\" content=\"Baruffaldi\" \/>\n<meta property=\"article:publisher\" content=\"https:\/\/www.facebook.com\/BaruffaldiPlasticTechnology\" \/>\n<meta property=\"article:modified_time\" content=\"2021-10-06T14:43:18+00:00\" \/>\n<meta property=\"og:image\" content=\"http:\/\/www.provarte.it\/Baruffaldi\/wp-content\/uploads\/2021\/03\/NuovoLogo-768x432.png\" \/>\n<meta name=\"twitter:card\" content=\"summary_large_image\" \/>\n<meta name=\"twitter:label1\" content=\"Tempo di lettura stimato\" \/>\n\t<meta name=\"twitter:data1\" content=\"1 minuto\" \/>\n<script type=\"application\/ld+json\" class=\"yoast-schema-graph\">{\"@context\":\"https:\/\/schema.org\",\"@graph\":[{\"@type\":\"Organization\",\"@id\":\"https:\/\/staging.baruffaldi.eu\/#organization\",\"name\":\"Baruffaldi Plastic Technology Srl\",\"url\":\"https:\/\/staging.baruffaldi.eu\/\",\"sameAs\":[\"https:\/\/www.facebook.com\/BaruffaldiPlasticTechnology\",\"https:\/\/www.linkedin.com\/company\/baruffaldi-plastic-technology\/\",\"https:\/\/www.youtube.com\/channel\/UCYfq5v5yTPR9EOaArOg5CTQ\"],\"logo\":{\"@type\":\"ImageObject\",\"@id\":\"https:\/\/staging.baruffaldi.eu\/#logo\",\"inLanguage\":\"it-IT\",\"url\":\"https:\/\/www.baruffaldi.eu\/wp-content\/uploads\/2020\/04\/Logo.png\",\"contentUrl\":\"https:\/\/www.baruffaldi.eu\/wp-content\/uploads\/2020\/04\/Logo.png\",\"width\":308,\"height\":102,\"caption\":\"Baruffaldi Plastic Technology Srl\"},\"image\":{\"@id\":\"https:\/\/staging.baruffaldi.eu\/#logo\"}},{\"@type\":\"WebSite\",\"@id\":\"https:\/\/staging.baruffaldi.eu\/#website\",\"url\":\"https:\/\/staging.baruffaldi.eu\/\",\"name\":\"Baruffaldi\",\"description\":\"Dal 1953 Eccellenza Italiana\",\"publisher\":{\"@id\":\"https:\/\/staging.baruffaldi.eu\/#organization\"},\"potentialAction\":[{\"@type\":\"SearchAction\",\"target\":{\"@type\":\"EntryPoint\",\"urlTemplate\":\"https:\/\/staging.baruffaldi.eu\/?s={search_term_string}\"},\"query-input\":\"required name=search_term_string\"}],\"inLanguage\":\"it-IT\"},{\"@type\":\"ImageObject\",\"@id\":\"https:\/\/staging.baruffaldi.eu\/it\/news\/#primaryimage\",\"inLanguage\":\"it-IT\",\"url\":\"http:\/\/www.provarte.it\/Baruffaldi\/wp-content\/uploads\/2021\/03\/NuovoLogo-768x432.png\",\"contentUrl\":\"http:\/\/www.provarte.it\/Baruffaldi\/wp-content\/uploads\/2021\/03\/NuovoLogo-768x432.png\"},{\"@type\":\"WebPage\",\"@id\":\"https:\/\/staging.baruffaldi.eu\/it\/news\/#webpage\",\"url\":\"https:\/\/staging.baruffaldi.eu\/it\/news\/\",\"name\":\"News - Baruffaldi\",\"isPartOf\":{\"@id\":\"https:\/\/staging.baruffaldi.eu\/#website\"},\"primaryImageOfPage\":{\"@id\":\"https:\/\/staging.baruffaldi.eu\/it\/news\/#primaryimage\"},\"datePublished\":\"2020-04-28T07:46:29+00:00\",\"dateModified\":\"2021-10-06T14:43:18+00:00\",\"description\":\"Leggi le ultime notizie sulla nostra azienda, sulle nostre iniziative e sui nostri prodotti.\",\"breadcrumb\":{\"@id\":\"https:\/\/staging.baruffaldi.eu\/it\/news\/#breadcrumb\"},\"inLanguage\":\"it-IT\",\"potentialAction\":[{\"@type\":\"ReadAction\",\"target\":[\"https:\/\/staging.baruffaldi.eu\/it\/news\/\"]}]},{\"@type\":\"BreadcrumbList\",\"@id\":\"https:\/\/staging.baruffaldi.eu\/it\/news\/#breadcrumb\",\"itemListElement\":[{\"@type\":\"ListItem\",\"position\":1,\"name\":\"Home\",\"item\":\"https:\/\/staging.baruffaldi.eu\/it\/\"},{\"@type\":\"ListItem\",\"position\":2,\"name\":\"News\"}]}]}<\/script>\n<!-- \/ Yoast SEO plugin. -->","yoast_head_json":{"title":"News - Baruffaldi","description":"Leggi le ultime notizie sulla nostra azienda, sulle nostre iniziative e sui nostri prodotti.","robots":{"index":"index","follow":"follow","max-snippet":"max-snippet:-1","max-image-preview":"max-image-preview:large","max-video-preview":"max-video-preview:-1"},"canonical":"https:\/\/staging.baruffaldi.eu\/it\/news\/","og_locale":"it_IT","og_type":"article","og_title":"News - Baruffaldi","og_description":"Leggi le ultime notizie sulla nostra azienda, sulle nostre iniziative e sui nostri prodotti.","og_url":"https:\/\/staging.baruffaldi.eu\/it\/news\/","og_site_name":"Baruffaldi","article_publisher":"https:\/\/www.facebook.com\/BaruffaldiPlasticTechnology","article_modified_time":"2021-10-06T14:43:18+00:00","og_image":[{"url":"http:\/\/www.provarte.it\/Baruffaldi\/wp-content\/uploads\/2021\/03\/NuovoLogo-768x432.png"}],"twitter_card":"summary_large_image","twitter_misc":{"Tempo di lettura stimato":"1 minuto"},"schema":{"@context":"https:\/\/schema.org","@graph":[{"@type":"Organization","@id":"https:\/\/staging.baruffaldi.eu\/#organization","name":"Baruffaldi Plastic Technology Srl","url":"https:\/\/staging.baruffaldi.eu\/","sameAs":["https:\/\/www.facebook.com\/BaruffaldiPlasticTechnology","https:\/\/www.linkedin.com\/company\/baruffaldi-plastic-technology\/","https:\/\/www.youtube.com\/channel\/UCYfq5v5yTPR9EOaArOg5CTQ"],"logo":{"@type":"ImageObject","@id":"https:\/\/staging.baruffaldi.eu\/#logo","inLanguage":"it-IT","url":"https:\/\/www.baruffaldi.eu\/wp-content\/uploads\/2020\/04\/Logo.png","contentUrl":"https:\/\/www.baruffaldi.eu\/wp-content\/uploads\/2020\/04\/Logo.png","width":308,"height":102,"caption":"Baruffaldi Plastic Technology Srl"},"image":{"@id":"https:\/\/staging.baruffaldi.eu\/#logo"}},{"@type":"WebSite","@id":"https:\/\/staging.baruffaldi.eu\/#website","url":"https:\/\/staging.baruffaldi.eu\/","name":"Baruffaldi","description":"Dal 1953 Eccellenza Italiana","publisher":{"@id":"https:\/\/staging.baruffaldi.eu\/#organization"},"potentialAction":[{"@type":"SearchAction","target":{"@type":"EntryPoint","urlTemplate":"https:\/\/staging.baruffaldi.eu\/?s={search_term_string}"},"query-input":"required name=search_term_string"}],"inLanguage":"it-IT"},{"@type":"ImageObject","@id":"https:\/\/staging.baruffaldi.eu\/it\/news\/#primaryimage","inLanguage":"it-IT","url":"http:\/\/www.provarte.it\/Baruffaldi\/wp-content\/uploads\/2021\/03\/NuovoLogo-768x432.png","contentUrl":"http:\/\/www.provarte.it\/Baruffaldi\/wp-content\/uploads\/2021\/03\/NuovoLogo-768x432.png"},{"@type":"WebPage","@id":"https:\/\/staging.baruffaldi.eu\/it\/news\/#webpage","url":"https:\/\/staging.baruffaldi.eu\/it\/news\/","name":"News - Baruffaldi","isPartOf":{"@id":"https:\/\/staging.baruffaldi.eu\/#website"},"primaryImageOfPage":{"@id":"https:\/\/staging.baruffaldi.eu\/it\/news\/#primaryimage"},"datePublished":"2020-04-28T07:46:29+00:00","dateModified":"2021-10-06T14:43:18+00:00","description":"Leggi le ultime notizie sulla nostra azienda, sulle nostre iniziative e sui nostri prodotti.","breadcrumb":{"@id":"https:\/\/staging.baruffaldi.eu\/it\/news\/#breadcrumb"},"inLanguage":"it-IT","potentialAction":[{"@type":"ReadAction","target":["https:\/\/staging.baruffaldi.eu\/it\/news\/"]}]},{"@type":"BreadcrumbList","@id":"https:\/\/staging.baruffaldi.eu\/it\/news\/#breadcrumb","itemListElement":[{"@type":"ListItem","position":1,"name":"Home","item":"https:\/\/staging.baruffaldi.eu\/it\/"},{"@type":"ListItem","position":2,"name":"News"}]}]}},"_links":{"self":[{"href":"https:\/\/staging.baruffaldi.eu\/it\/wp-json\/wp\/v2\/pages\/336"}],"collection":[{"href":"https:\/\/staging.baruffaldi.eu\/it\/wp-json\/wp\/v2\/pages"}],"about":[{"href":"https:\/\/staging.baruffaldi.eu\/it\/wp-json\/wp\/v2\/types\/page"}],"author":[{"embeddable":true,"href":"https:\/\/staging.baruffaldi.eu\/it\/wp-json\/wp\/v2\/users\/1"}],"replies":[{"embeddable":true,"href":"https:\/\/staging.baruffaldi.eu\/it\/wp-json\/wp\/v2\/comments?post=336"}],"version-history":[{"count":71,"href":"https:\/\/staging.baruffaldi.eu\/it\/wp-json\/wp\/v2\/pages\/336\/revisions"}],"predecessor-version":[{"id":15407,"href":"https:\/\/staging.baruffaldi.eu\/it\/wp-json\/wp\/v2\/pages\/336\/revisions\/15407"}],"wp:attachment":[{"href":"https:\/\/staging.baruffaldi.eu\/it\/wp-json\/wp\/v2\/media?parent=336"}],"curies":[{"name":"wp","href":"https:\/\/api.w.org\/{rel}","templated":true}]}}